{"id":31363,"date":"2023-09-16T08:48:13","date_gmt":"2023-09-16T06:48:13","guid":{"rendered":"https:\/\/www.genverde.it\/track\/31360\/"},"modified":"2026-01-12T16:19:15","modified_gmt":"2026-01-12T15:19:15","slug":"ideia-louca-3","status":"publish","type":"track","link":"https:\/\/www.genverde.it\/en\/track\/ideia-louca-3\/","title":{"rendered":"Ideia Louca"},"content":{"rendered":"\n<div class=\"is-layout-flex wp-container-3 wp-block-columns\">\n<div class=\"is-layout-flow wp-block-column\" style=\"flex-basis:66.66%\">\n<p><em>Experiences translated into music that in different ways have marked the lives lived by the members of Gen Verde, and others.<\/em><\/p>\n\n\n\n<p style=\"font-size:30px\">Lyrics &#8211; Ideia Louca<\/p>\n\n\n\n<p>\u00c9 uma ideia louca<br>Das pedras do muro pontes nascer\u00e3o<\/p>\n\n\n\n<p>Eu tive um sonho estranho, quero te contar<br>J\u00e1 n\u00e3o tinha mais medo de me aventurar<br>Parecia seguro por todo lugar<br>V\u00ed muro virar ponte<br>Pode acreditar<\/p>\n\n\n\n<p>Pra ver desmoronar barreiras<br>S\u00f3 fazendo o bem<br>Sonhar um novo horizonte<br>Vem comigo, vem<br>Vencer a vida com coragem<br>Indo sempre al\u00e9m<br>Partir pra contagiar<br>Fazendo o bem!<\/p>\n\n\n\n<p><strong>\u00c9 uma ideia louca<br>Lel\u00e9 da cuca<br>Mas se somos muitos muda esse mund\u00e3o<br>\u00c9 uma ideia louca<br>Meio maluca<br>Das pedras do muro pontes nascer\u00e3o<\/strong><\/p>\n\n\n\n<p><em>L\u00ea, l\u00ea l\u00ea\u2026<\/em><\/p>\n\n\n\n<p>Pra este sonho realizar<br>E tudo transformar<br>Basta querer e come\u00e7ar<br>Contagiar algu\u00e9m<br>E todos juntos caminhar<br>Olhando sempre al\u00e9m<br>E tantas pontes construir<br>Pra levar o bem<\/p>\n\n\n\n<p><strong>\u00c9 uma ideia louca<br>Lel\u00e9 da cuca<br>Mas se somos muitos muda esse mund\u00e3o<br>\u00c9 uma ideia louca<br>Meio maluca<br>Das pedras do muro pontes nascer\u00e3o<\/strong><\/p>\n\n\n\n<p><strong>\u00c9 uma ideia louca<br>Mas se somos muitos muda esse mund\u00e3o<br>\u00c9 uma ideia louca<br>Meio maluca<br>De um sorriso puro pontes nascer\u00e3o!<\/strong><\/p>\n\n\n\n<p><em>L\u00ea, l\u00ea l\u00ea\u2026<\/em><\/p>\n\n\n\n<p>\u00c9 uma ideia louca!<\/p>\n\n\n\n<hr class=\"wp-block-separator has-alpha-channel-opacity is-style-wide\"\/>\n\n\n\n<p>Listen and read the lyrics to other <strong>songs similar to Ideia Louca<\/strong>: <a href=\"https:\/\/www.genverde.it\/en\/track\/uirapuru\/\" target=\"_blank\" rel=\"noreferrer noopener\">Uirapuru<\/a>, <em><a href=\"https:\/\/www.genverde.it\/en\/track\/bajo-la-ciudad\/\" target=\"_blank\" rel=\"noreferrer noopener\">Bajo la ciudad<\/a>.<\/em>  <\/p>\n<\/div>\n\n\n\n<div class=\"is-layout-flow wp-block-column\" style=\"flex-basis:33.33%\">\n<h3>Gen Verde U.S. Tour 2023 (Songs from the Concert &#8211; Compilation)<\/h3>\n\n\n<figure class=\"wp-block-post-featured-image\"><img width=\"2560\" height=\"2560\" src=\"https:\/\/www.genverde.it\/wp-content\/uploads\/2023\/09\/2023_Gen_Verde_U.S._Tour2023-scaled.jpg\" class=\"attachment-post-thumbnail size-post-thumbnail wp-post-image\" alt=\"Foto di gruppo per Tour negli USA 2023\" decoding=\"async\" loading=\"lazy\" srcset=\"https:\/\/www.genverde.it\/wp-content\/uploads\/2023\/09\/2023_Gen_Verde_U.S._Tour2023-scaled.jpg 2560w, https:\/\/www.genverde.it\/wp-content\/uploads\/2023\/09\/2023_Gen_Verde_U.S._Tour2023-300x300.jpg 300w, https:\/\/www.genverde.it\/wp-content\/uploads\/2023\/09\/2023_Gen_Verde_U.S._Tour2023-1024x1024.jpg 1024w, https:\/\/www.genverde.it\/wp-content\/uploads\/2023\/09\/2023_Gen_Verde_U.S._Tour2023-150x150.jpg 150w, https:\/\/www.genverde.it\/wp-content\/uploads\/2023\/09\/2023_Gen_Verde_U.S._Tour2023-768x768.jpg 768w, https:\/\/www.genverde.it\/wp-content\/uploads\/2023\/09\/2023_Gen_Verde_U.S._Tour2023-1536x1536.jpg 1536w, https:\/\/www.genverde.it\/wp-content\/uploads\/2023\/09\/2023_Gen_Verde_U.S._Tour2023-2048x2048.jpg 2048w\" sizes=\"(max-width: 2560px) 100vw, 2560px\" \/><\/figure>\n\n\n<p>2023<\/p>\n\n\n\n<p>Music and Words: Jamaica C. Lyra<br>\u00a9 Copyright Gen Verde della P.A.F.O.M.<br>All rights reserved<br>www.genverde.it<\/p>\n\n\n<div class=\"streaming-download-link noprint\"><div class=\"streaming-container\"><div class=\"streaming-links-container\"><a class=\"link-apple-music\" href=\"https:\/\/music.apple.com\/us\/album\/ideia-louca\/1706150081?i=1706150233\" target = \"_blank\"><span class=\"icons icon-apple\"><\/span><\/a><a class=\"link-spotify\" href=\"https:\/\/open.spotify.com\/track\/4iW2X3vLIJYztOY7FZ8V1F?si=e8d01551560a4e73\" target = \"_blank\"><span class=\"icons icon-spotify\"><\/span><\/a><a class=\"link-amazon-music\" href=\"https:\/\/music.amazon.com\/albums\/B0CHFVLCCX?marketplaceId=ATVPDKIKX0DER&musicTerritory=US&ref=dm_sh_agvKe6MClhDFNwti3HbQuwoJq&trackAsin=B0CHFVLCCW\" target = \"_blank\"><span class=\"icons icon-amazon\"><\/span><\/a><div class=\"youtube-container\"><a class=\"link-youtube\" href=\"https:\/\/www.youtube.com\/watch?v=IvHl-Wck9Lk\" target = \"_blank\"><span class=\"icons icon-youtube\"><\/span> WATCH VIDEO<\/a><\/div><\/div> <\/div><div class=\"download-container\"><h2 style=\"font-size:23px; letter-spacing:0px;\" class=\"download-title\">DOWNLOAD<\/h2><div class=\"single-download\"><a href =\"https:\/\/www.genverde.it\/wp-content\/uploads\/2021\/05\/13-Ideia-louca.pdf\" target=\"_blank\"><span class=\"icons icon-download\"><\/span> <\/a><\/div><\/div><a class=\"print-track noprint\" href=\"javascript:if(window.print)window.print()\"><span class=\"icons icon-print\"><\/span><\/a><\/div>\n<\/div>\n<\/div>\n","protected":false},"featured_media":31210,"menu_order":11,"template":"","meta":[],"category_tracks":[364],"blocksy_meta":{"styles_descriptor":{"styles":{"desktop":"","tablet":"","mobile":""},"google_fonts":[]}},"featured_image_urls":{"full":["https:\/\/www.genverde.it\/wp-content\/uploads\/2023\/09\/2023_Gen_Verde_U.S._Tour2023-scaled.jpg",2560,2560,false],"thumbnail":["https:\/\/www.genverde.it\/wp-content\/uploads\/2023\/09\/2023_Gen_Verde_U.S._Tour2023-150x150.jpg",150,150,true],"medium":["https:\/\/www.genverde.it\/wp-content\/uploads\/2023\/09\/2023_Gen_Verde_U.S._Tour2023-300x300.jpg",300,300,true],"medium_large":["https:\/\/www.genverde.it\/wp-content\/uploads\/2023\/09\/2023_Gen_Verde_U.S._Tour2023-768x768.jpg",768,768,true],"large":["https:\/\/www.genverde.it\/wp-content\/uploads\/2023\/09\/2023_Gen_Verde_U.S._Tour2023-1024x1024.jpg",1024,1024,true],"1536x1536":["https:\/\/www.genverde.it\/wp-content\/uploads\/2023\/09\/2023_Gen_Verde_U.S._Tour2023-1536x1536.jpg",1536,1536,true],"2048x2048":["https:\/\/www.genverde.it\/wp-content\/uploads\/2023\/09\/2023_Gen_Verde_U.S._Tour2023-2048x2048.jpg",2048,2048,true]},"post_excerpt_stackable":"<p>Experiences translated into music that in different ways have marked the lives lived by the members of Gen Verde, and others. Lyrics &#8211; Ideia Louca \u00c9 uma ideia loucaDas pedras do muro pontes nascer\u00e3o Eu tive um sonho estranho, quero te contarJ\u00e1 n\u00e3o tinha mais medo de me aventurarParecia seguro por todo lugarV\u00ed muro virar pontePode acreditar Pra ver desmoronar barreirasS\u00f3 fazendo o bemSonhar um novo horizonteVem comigo, vemVencer a vida com coragemIndo sempre al\u00e9mPartir pra contagiarFazendo o bem! \u00c9 uma ideia loucaLel\u00e9 da cucaMas se somos muitos muda esse mund\u00e3o\u00c9 uma ideia loucaMeio malucaDas pedras do muro pontes nascer\u00e3o&hellip;<\/p>\n","category_list":"","author_info":{"name":"","url":""},"comments_num":"0 comments","yoast_head":"<!-- This site is optimized with the Yoast SEO plugin v20.10 - https:\/\/yoast.com\/wordpress\/plugins\/seo\/ -->\n<title>Ideia Louca word - Genverde<\/title>\n<meta name=\"description\" content=\"Discover the lyrics of the song Ideia Louca by Gen Verde. Explore all the international group&#039;s albums on the official website.\" \/>\n<meta name=\"robots\" content=\"index, follow, max-snippet:-1, max-image-preview:large, max-video-preview:-1\" \/>\n<link rel=\"canonical\" href=\"https:\/\/www.genverde.it\/en\/wp-json\/wp\/v2\/track\/31363\/\" \/>\n<meta property=\"og:locale\" content=\"en_US\" \/>\n<meta property=\"og:type\" content=\"article\" \/>\n<meta property=\"og:title\" content=\"Ideia Louca word - Genverde\" \/>\n<meta property=\"og:description\" content=\"Discover the lyrics of the song Ideia Louca by Gen Verde. Explore all the international group&#039;s albums on the official website.\" \/>\n<meta property=\"og:url\" content=\"https:\/\/www.genverde.it\/en\/track\/ideia-louca-3\/\" \/>\n<meta property=\"og:site_name\" content=\"Gen Verde\" \/>\n<meta property=\"article:modified_time\" content=\"2026-01-12T15:19:15+00:00\" \/>\n<meta property=\"og:image\" content=\"https:\/\/www.genverde.it\/wp-content\/uploads\/2023\/09\/2023_Gen_Verde_U.S._Tour2023-scaled.jpg\" \/>\n\t<meta property=\"og:image:width\" content=\"2560\" \/>\n\t<meta property=\"og:image:height\" content=\"2560\" \/>\n\t<meta property=\"og:image:type\" content=\"image\/jpeg\" \/>\n<meta name=\"twitter:card\" content=\"summary_large_image\" \/>\n<meta name=\"twitter:label1\" content=\"Est. reading time\" \/>\n\t<meta name=\"twitter:data1\" content=\"2 minutes\" \/>\n<script type=\"application\/ld+json\" class=\"yoast-schema-graph\">{\"@context\":\"https:\/\/schema.org\",\"@graph\":[{\"@type\":\"WebPage\",\"@id\":\"https:\/\/www.genverde.it\/en\/track\/ideia-louca-3\/\",\"url\":\"https:\/\/www.genverde.it\/en\/track\/ideia-louca-3\/\",\"name\":\"Ideia Louca word - Genverde\",\"isPartOf\":{\"@id\":\"https:\/\/www.genverde.it\/en\/#website\"},\"datePublished\":\"2023-09-16T06:48:13+00:00\",\"dateModified\":\"2026-01-12T15:19:15+00:00\",\"description\":\"Discover the lyrics of the song Ideia Louca by Gen Verde. Explore all the international group's albums on the official website.\",\"breadcrumb\":{\"@id\":\"https:\/\/www.genverde.it\/en\/track\/ideia-louca-3\/#breadcrumb\"},\"inLanguage\":\"en-US\",\"potentialAction\":[{\"@type\":\"ReadAction\",\"target\":[\"https:\/\/www.genverde.it\/en\/track\/ideia-louca-3\/\"]}]},{\"@type\":\"BreadcrumbList\",\"@id\":\"https:\/\/www.genverde.it\/en\/track\/ideia-louca-3\/#breadcrumb\",\"itemListElement\":[{\"@type\":\"ListItem\",\"position\":1,\"name\":\"Home\",\"item\":\"https:\/\/www.genverde.it\/en\/\"},{\"@type\":\"ListItem\",\"position\":2,\"name\":\"Ideia Louca\"}]},{\"@type\":\"WebSite\",\"@id\":\"https:\/\/www.genverde.it\/en\/#website\",\"url\":\"https:\/\/www.genverde.it\/en\/\",\"name\":\"Gen Verde\",\"description\":\"\",\"publisher\":{\"@id\":\"https:\/\/www.genverde.it\/en\/#organization\"},\"potentialAction\":[{\"@type\":\"SearchAction\",\"target\":{\"@type\":\"EntryPoint\",\"urlTemplate\":\"https:\/\/www.genverde.it\/en\/?s={search_term_string}\"},\"query-input\":\"required name=search_term_string\"}],\"inLanguage\":\"en-US\"},{\"@type\":\"Organization\",\"@id\":\"https:\/\/www.genverde.it\/en\/#organization\",\"name\":\"Gen Verde\",\"url\":\"https:\/\/www.genverde.it\/en\/\",\"logo\":{\"@type\":\"ImageObject\",\"inLanguage\":\"en-US\",\"@id\":\"https:\/\/www.genverde.it\/en\/#\/schema\/logo\/image\/\",\"url\":\"https:\/\/www.genverde.it\/wp-content\/uploads\/2021\/05\/logo-gen-verde-black.png\",\"contentUrl\":\"https:\/\/www.genverde.it\/wp-content\/uploads\/2021\/05\/logo-gen-verde-black.png\",\"width\":646,\"height\":392,\"caption\":\"Gen Verde\"},\"image\":{\"@id\":\"https:\/\/www.genverde.it\/en\/#\/schema\/logo\/image\/\"}}]}<\/script>\n<!-- \/ Yoast SEO plugin. -->","yoast_head_json":{"title":"Ideia Louca word - Genverde","description":"Discover the lyrics of the song Ideia Louca by Gen Verde. Explore all the international group's albums on the official website.","robots":{"index":"index","follow":"follow","max-snippet":"max-snippet:-1","max-image-preview":"max-image-preview:large","max-video-preview":"max-video-preview:-1"},"canonical":"https:\/\/www.genverde.it\/en\/wp-json\/wp\/v2\/track\/31363\/","og_locale":"en_US","og_type":"article","og_title":"Ideia Louca word - Genverde","og_description":"Discover the lyrics of the song Ideia Louca by Gen Verde. Explore all the international group's albums on the official website.","og_url":"https:\/\/www.genverde.it\/en\/track\/ideia-louca-3\/","og_site_name":"Gen Verde","article_modified_time":"2026-01-12T15:19:15+00:00","og_image":[{"width":2560,"height":2560,"url":"https:\/\/www.genverde.it\/wp-content\/uploads\/2023\/09\/2023_Gen_Verde_U.S._Tour2023-scaled.jpg","type":"image\/jpeg"}],"twitter_card":"summary_large_image","twitter_misc":{"Est. reading time":"2 minutes"},"schema":{"@context":"https:\/\/schema.org","@graph":[{"@type":"WebPage","@id":"https:\/\/www.genverde.it\/en\/track\/ideia-louca-3\/","url":"https:\/\/www.genverde.it\/en\/track\/ideia-louca-3\/","name":"Ideia Louca word - Genverde","isPartOf":{"@id":"https:\/\/www.genverde.it\/en\/#website"},"datePublished":"2023-09-16T06:48:13+00:00","dateModified":"2026-01-12T15:19:15+00:00","description":"Discover the lyrics of the song Ideia Louca by Gen Verde. Explore all the international group's albums on the official website.","breadcrumb":{"@id":"https:\/\/www.genverde.it\/en\/track\/ideia-louca-3\/#breadcrumb"},"inLanguage":"en-US","potentialAction":[{"@type":"ReadAction","target":["https:\/\/www.genverde.it\/en\/track\/ideia-louca-3\/"]}]},{"@type":"BreadcrumbList","@id":"https:\/\/www.genverde.it\/en\/track\/ideia-louca-3\/#breadcrumb","itemListElement":[{"@type":"ListItem","position":1,"name":"Home","item":"https:\/\/www.genverde.it\/en\/"},{"@type":"ListItem","position":2,"name":"Ideia Louca"}]},{"@type":"WebSite","@id":"https:\/\/www.genverde.it\/en\/#website","url":"https:\/\/www.genverde.it\/en\/","name":"Gen Verde","description":"","publisher":{"@id":"https:\/\/www.genverde.it\/en\/#organization"},"potentialAction":[{"@type":"SearchAction","target":{"@type":"EntryPoint","urlTemplate":"https:\/\/www.genverde.it\/en\/?s={search_term_string}"},"query-input":"required name=search_term_string"}],"inLanguage":"en-US"},{"@type":"Organization","@id":"https:\/\/www.genverde.it\/en\/#organization","name":"Gen Verde","url":"https:\/\/www.genverde.it\/en\/","logo":{"@type":"ImageObject","inLanguage":"en-US","@id":"https:\/\/www.genverde.it\/en\/#\/schema\/logo\/image\/","url":"https:\/\/www.genverde.it\/wp-content\/uploads\/2021\/05\/logo-gen-verde-black.png","contentUrl":"https:\/\/www.genverde.it\/wp-content\/uploads\/2021\/05\/logo-gen-verde-black.png","width":646,"height":392,"caption":"Gen Verde"},"image":{"@id":"https:\/\/www.genverde.it\/en\/#\/schema\/logo\/image\/"}}]}},"_links":{"self":[{"href":"https:\/\/www.genverde.it\/en\/wp-json\/wp\/v2\/track\/31363"}],"collection":[{"href":"https:\/\/www.genverde.it\/en\/wp-json\/wp\/v2\/track"}],"about":[{"href":"https:\/\/www.genverde.it\/en\/wp-json\/wp\/v2\/types\/track"}],"wp:featuredmedia":[{"embeddable":true,"href":"https:\/\/www.genverde.it\/en\/wp-json\/wp\/v2\/media\/31210"}],"wp:attachment":[{"href":"https:\/\/www.genverde.it\/en\/wp-json\/wp\/v2\/media?parent=31363"}],"wp:term":[{"taxonomy":"category_tracks","embeddable":true,"href":"https:\/\/www.genverde.it\/en\/wp-json\/wp\/v2\/category_tracks?post=31363"}],"curies":[{"name":"wp","href":"https:\/\/api.w.org\/{rel}","templated":true}]}}