{"id":17850,"date":"2021-12-23T14:16:07","date_gmt":"2021-12-23T13:16:07","guid":{"rendered":"https:\/\/www.genverde.it\/privacy-policy-donaciones\/"},"modified":"2021-12-28T15:09:43","modified_gmt":"2021-12-28T14:09:43","slug":"privacy-policy-donaciones","status":"publish","type":"page","link":"https:\/\/www.genverde.it\/es\/privacy-policy-donaciones\/","title":{"rendered":"INFORMACI\u00d3N SOBRE EL TRATAMIENTO DE DATOS PERSONALES"},"content":{"rendered":"\n<p><strong>POR QU\u00c9 ESTE AVISO<\/strong><\/p>\n\n<p>Esta p\u00e1gina contiene una descripci\u00f3n de los m\u00e9todos para la gesti\u00f3n del sitio web en lo referente al procesamiento de los datos personales de los usuarios que realizan donaciones. Se trata de un aviso informativo que se emite en materia de privacidad de acuerdo con el Reglamento (UE) <tcxspan tcxhref=\"tel:2016679\" title=\"Call 2016\/679 with 3CX Click to Call\">2016\/679<\/tcxspan>(en adelante \u00abReglamento\u00bb o \u00abRGPD\u00bb) a quienes realicen donaciones a trav\u00e9s del servicio <em>web<\/em>en la direcci\u00f3n: <a href=\"https:\/\/www.genverde.it\/es\/dona\/\"><strong><span style=\"color: var(--paletteColor2, #96c600);\" class=\"ugb-highlight\">https:\/\/www.genverde.it\/dona\/<\/span><\/strong><\/a> para los fines institucionales del Movimiento de los Focolares.<\/p>\n\n<p>El aviso informativo, en particular, se refiere exclusivamente a la p\u00e1gina de donaciones a P.A.F.O.M. (Movimiento de los Focolares): por lo tanto, no se refiere a otros sitios web que puedan ser consultados por el usuario a trav\u00e9s de enlaces presentes en el mismo.<\/p>\n\n<p><strong>EL \u00abTITULAR\u00bb DEL TRATAMIENTO<\/strong><\/p>\n\n<p>El \u00abtitular\u00bb de su tratamiento -es decir, la persona jur\u00eddica que determina los fines y los medios del tratamiento de los datos personales- es <strong>P.A.F.O.M.<\/strong>, con domicilio social en Rocca di Papa (Roma &#8211; Italia), Via Frascati, n\u00ba 306. 306.<\/p>\n\n<p><strong>EL RESPONSABLE DELA PROTECCI\u00d3N DE DATOS<\/strong><strong><\/strong><\/p>\n\n<p>El Gerente de Protecci\u00f3n de Datos (GPD) es el abogado Sergio Barbaro accesible en la siguiente direcci\u00f3n: Persona a cargo de la protecci\u00f3n de datos personales Via Frascati n. 306, 00040 Rocca di Papa (Roma-Italia), correo electr\u00f3nico: privacy@focolare.org.<\/p>\n\n<p><strong>LUGAR Y FINALIDAD DEL TRATAMIENTO DE DATOS<\/strong><\/p>\n\n<p>El tratamiento de datos vinculado a los servicios <em>web<\/em> de este sitio tiene lugar en la mencionada sede y se gestiona exclusivamente por personal t\u00e9cnico designado por el titular del tratamiento, o por personas a las que ocasionalmente se les encomienden las tareas de mantenimiento, bajo la autoridad directa del titular del tratamiento. Ning\u00fan dato derivado del servicio web se comunica o difunde. Ning\u00fan dato derivado del servicio <em>web<\/em> se comunica o difunde.<\/p>\n\n<p>Los datos personales proporcionados por los usuarios se utilizan con el \u00fanico fin de completar la donaci\u00f3n.<\/p>\n\n<p><strong>PER\u00cdODO DE CONSERVACI\u00d3N DE LOS DATOS<\/strong><\/p>\n\n<p>A excepci\u00f3n de los datos proporcionados voluntariamente por el usuario para servicios concretos, sobre los que se proporcionar\u00e1 informaci\u00f3n espec\u00edfica, la informaci\u00f3n relativa a la navegaci\u00f3n se almacenar\u00e1 durante un m\u00e1ximo de catorce meses sucesivos a su recogida.<\/p>\n\n<p><strong>DERECHOS DE LOS INTERESADOS<\/strong><strong><\/strong><\/p>\n\n<p>La legislaci\u00f3n aplicable otorga a los usuarios una serie de derechos; entre otros, se incluye el derecho a:<\/p>\n\n<p>(i) acceder a sus Datos Personales<\/p>\n\n<p>(ii) solicitar su rectificaci\u00f3n<\/p>\n\n<p>(iii) solicitar la actualizaci\u00f3n y supresi\u00f3n de dichos datos si est\u00e1n incompletos, son incorrectos o se han recogido infringiendo la ley<\/p>\n\n<p>(iv) solicitar que el tratamiento se limite a una parte de la informaci\u00f3n que les afecte (iv) transmitir a los mismos o a terceros indicados por ellos la informaci\u00f3n que les afecte (la llamada \u00abportabilidad de datos\u00bb)<\/p>\n\n<p>(v) transmitir a ellos oa los terceros indicados por ellos la informaci\u00f3n que les concierne (la denominada \u00abportabilidad de datos\u00bb)<\/p>\n\n<p>(vi) oponerse a su tratamiento por motivos leg\u00edtimos<\/p>\n\n<p>(vii) revocar su consentimiento en cualquier momento mediante una solicitud escrita enviada sin formalidades a P.A.F.O.M. a los contactos indicados.<\/p>\n\n<p>P.A.F.O.M. recuerda que, en los casos en que la respuesta a su solicitud no se considera satisfactoria, el usuario puede presentar una reclamaci\u00f3n ante la Autoridad Garante para la Protecci\u00f3n de los Datos Personales (www.garanteprivacy.it) en las formas previstas por la normativa aplicable.<\/p>\n\n<p> <strong>RESPUESTA A LAS SOLICITUDES DE LOS INTERESADOS Y DATOS DE CONTACTO <\/strong><br\/>Por lo tanto, es posible dirigirse a P.A.F.O.M. para cualquier solicitud, aclaraci\u00f3n o comentario sobre la aplicaci\u00f3n de la normativa en materia de protecci\u00f3n de los datos personales y para el eficaz ejercicio de los derechos del interesado indicados en el p\u00e1rrafo anterior, incluso en el caso de que sea necesaria una actualizaci\u00f3n, modificaci\u00f3n, complementaci\u00f3n, correcci\u00f3n y\/o eliminaci\u00f3n de los datos, como se prev\u00e9 en la mencionada normativa o en relaci\u00f3n a la valoraci\u00f3n de las exigencias espec\u00edficas planteadas expl\u00edcitamente por el interesado.<\/p>\n\n<p>A tal efecto, para facilitar al interesado el ejercicio de sus derechos y la interacci\u00f3n con el Movimiento de los Focolares, se indican las siguientes direcciones a las que dirigirse en caso de reclamaciones: <strong>direcci\u00f3n de correo electr\u00f3nico<\/strong><strong>:<\/strong> <a href=\"mailto:privacy@focolare.org\"><strong>privacy@focolare.org<\/strong><\/a><strong>;<\/strong> <strong>00040 Rocca di Papa (RM), Via Frascati, 306.<\/strong><\/p>\n\n<div class=\"wp-block-ugb-button ugb-button-wrapper ugb-43905e9 ugb-main-block\"><style>.ugb-43905e9 .ugb-block-content{justify-content:center}.ugb-43905e9 .ugb-block-content .ugb-button{border-radius:3px}.ugb-43905e9 .ugb-button1{background-color:var(--paletteColor2,#96c600);border-radius:3px !important}.ugb-43905e9 .ugb-button1 .ugb-button--inner,.ugb-43905e9 .ugb-button1 svg:not(.ugb-custom-icon){color:var(--paletteColor1,#ffffff) !important}.ugb-43905e9 .ugb-button1:hover{opacity:1}.ugb-43905e9 .ugb-button1:before{border-radius:3px !important}.ugb-43905e9 .ugb-inner-block{text-align:center}<\/style><div class=\"ugb-inner-block\"><div class=\"ugb-block-content\"><div class=\"ugb-button-container\"><a class=\"ugb-button1 ugb-button ugb-button--size-large\" href=\"https:\/\/www.genverde.it\/es\/dona\/\" rel=\"\" title=\"\"><span class=\"ugb-button--inner\"><strong>DONA AHORA<\/strong><\/span><\/a><\/div><\/div><\/div><\/div>\n\n<div class=\"wp-block-ugb-spacer ugb-spacer ugb-c6b7843 ugb-spacer--v2 ugb-main-block\"><div class=\"ugb-inner-block\"><div class=\"ugb-block-content\"><div class=\"ugb-spacer--inner\"><\/div><\/div><\/div><\/div>\n","protected":false},"excerpt":{"rendered":"<p>POR QU\u00c9 ESTE AVISO Esta p\u00e1gina contiene una descripci\u00f3n de los m\u00e9todos para la gesti\u00f3n\u2026<\/p>\n","protected":false},"author":1,"featured_media":0,"parent":0,"menu_order":0,"comment_status":"closed","ping_status":"closed","template":"","meta":[],"blocksy_meta":{"styles_descriptor":{"styles":{"desktop":"","tablet":"","mobile":""},"google_fonts":[]}},"featured_image_urls":{"full":"","thumbnail":"","medium":"","medium_large":"","large":"","1536x1536":"","2048x2048":""},"post_excerpt_stackable":"<p>POR QU\u00c9 ESTE AVISO Esta p\u00e1gina contiene una descripci\u00f3n de los m\u00e9todos para la gesti\u00f3n del sitio web en lo referente al procesamiento de los datos personales de los usuarios que realizan donaciones. Se trata de un aviso informativo que se emite en materia de privacidad de acuerdo con el Reglamento (UE) 2016\/679(en adelante \u00abReglamento\u00bb o \u00abRGPD\u00bb) a quienes realicen donaciones a trav\u00e9s del servicio weben la direcci\u00f3n: https:\/\/www.genverde.it\/dona\/ para los fines institucionales del Movimiento de los Focolares. El aviso informativo, en particular, se refiere exclusivamente a la p\u00e1gina de donaciones a P.A.F.O.M. (Movimiento de los Focolares): por lo tanto,&hellip;<\/p>\n","category_list":"","author_info":{"name":"domains@trizero.it","url":"https:\/\/www.genverde.it\/es\/author\/domainstrizero-it\/"},"comments_num":"0 comentarios","yoast_head":"<!-- This site is optimized with the Yoast SEO plugin v20.10 - https:\/\/yoast.com\/wordpress\/plugins\/seo\/ -->\n<title>INFORMACI\u00d3N SOBRE EL TRATAMIENTO DE DATOS PERSONALES<\/title>\n<meta name=\"robots\" content=\"index, follow, max-snippet:-1, max-image-preview:large, max-video-preview:-1\" \/>\n<link rel=\"canonical\" href=\"https:\/\/www.genverde.it\/es\/privacy-policy-donaciones\/\" \/>\n<meta property=\"og:locale\" content=\"es_ES\" \/>\n<meta property=\"og:type\" content=\"article\" \/>\n<meta property=\"og:title\" content=\"INFORMACI\u00d3N SOBRE EL TRATAMIENTO DE DATOS PERSONALES\" \/>\n<meta property=\"og:description\" content=\"POR QU\u00c9 ESTE AVISO Esta p\u00e1gina contiene una descripci\u00f3n de los m\u00e9todos para la gesti\u00f3n\u2026\" \/>\n<meta property=\"og:url\" content=\"https:\/\/www.genverde.it\/es\/privacy-policy-donaciones\/\" \/>\n<meta property=\"og:site_name\" content=\"Gen Verde\" \/>\n<meta property=\"article:modified_time\" content=\"2021-12-28T14:09:43+00:00\" \/>\n<meta property=\"og:image\" content=\"https:\/\/www.genverde.it\/wp-content\/uploads\/2021\/06\/logo-gen-verde-semplice.png\" \/>\n\t<meta property=\"og:image:width\" content=\"646\" \/>\n\t<meta property=\"og:image:height\" content=\"237\" \/>\n\t<meta property=\"og:image:type\" content=\"image\/png\" \/>\n<meta name=\"twitter:card\" content=\"summary_large_image\" \/>\n<meta name=\"twitter:label1\" content=\"Tiempo de lectura\" \/>\n\t<meta name=\"twitter:data1\" content=\"4 minutos\" \/>\n<script type=\"application\/ld+json\" class=\"yoast-schema-graph\">{\"@context\":\"https:\/\/schema.org\",\"@graph\":[{\"@type\":\"WebPage\",\"@id\":\"https:\/\/www.genverde.it\/es\/privacy-policy-donaciones\/\",\"url\":\"https:\/\/www.genverde.it\/es\/privacy-policy-donaciones\/\",\"name\":\"INFORMACI\u00d3N SOBRE EL TRATAMIENTO DE DATOS PERSONALES\",\"isPartOf\":{\"@id\":\"https:\/\/www.genverde.it\/es\/#website\"},\"datePublished\":\"2021-12-23T13:16:07+00:00\",\"dateModified\":\"2021-12-28T14:09:43+00:00\",\"breadcrumb\":{\"@id\":\"https:\/\/www.genverde.it\/es\/privacy-policy-donaciones\/#breadcrumb\"},\"inLanguage\":\"es\",\"potentialAction\":[{\"@type\":\"ReadAction\",\"target\":[\"https:\/\/www.genverde.it\/es\/privacy-policy-donaciones\/\"]}]},{\"@type\":\"BreadcrumbList\",\"@id\":\"https:\/\/www.genverde.it\/es\/privacy-policy-donaciones\/#breadcrumb\",\"itemListElement\":[{\"@type\":\"ListItem\",\"position\":1,\"name\":\"Home\",\"item\":\"https:\/\/www.genverde.it\/es\/\"},{\"@type\":\"ListItem\",\"position\":2,\"name\":\"INFORMACI\u00d3N SOBRE EL TRATAMIENTO DE DATOS PERSONALES\"}]},{\"@type\":\"WebSite\",\"@id\":\"https:\/\/www.genverde.it\/es\/#website\",\"url\":\"https:\/\/www.genverde.it\/es\/\",\"name\":\"Gen Verde\",\"description\":\"\",\"publisher\":{\"@id\":\"https:\/\/www.genverde.it\/es\/#organization\"},\"potentialAction\":[{\"@type\":\"SearchAction\",\"target\":{\"@type\":\"EntryPoint\",\"urlTemplate\":\"https:\/\/www.genverde.it\/es\/?s={search_term_string}\"},\"query-input\":\"required name=search_term_string\"}],\"inLanguage\":\"es\"},{\"@type\":\"Organization\",\"@id\":\"https:\/\/www.genverde.it\/es\/#organization\",\"name\":\"Gen Verde\",\"url\":\"https:\/\/www.genverde.it\/es\/\",\"logo\":{\"@type\":\"ImageObject\",\"inLanguage\":\"es\",\"@id\":\"https:\/\/www.genverde.it\/es\/#\/schema\/logo\/image\/\",\"url\":\"https:\/\/www.genverde.it\/wp-content\/uploads\/2021\/05\/logo-gen-verde-black.png\",\"contentUrl\":\"https:\/\/www.genverde.it\/wp-content\/uploads\/2021\/05\/logo-gen-verde-black.png\",\"width\":646,\"height\":392,\"caption\":\"Gen Verde\"},\"image\":{\"@id\":\"https:\/\/www.genverde.it\/es\/#\/schema\/logo\/image\/\"}}]}<\/script>\n<!-- \/ Yoast SEO plugin. -->","yoast_head_json":{"title":"INFORMACI\u00d3N SOBRE EL TRATAMIENTO DE DATOS PERSONALES","robots":{"index":"index","follow":"follow","max-snippet":"max-snippet:-1","max-image-preview":"max-image-preview:large","max-video-preview":"max-video-preview:-1"},"canonical":"https:\/\/www.genverde.it\/es\/privacy-policy-donaciones\/","og_locale":"es_ES","og_type":"article","og_title":"INFORMACI\u00d3N SOBRE EL TRATAMIENTO DE DATOS PERSONALES","og_description":"POR QU\u00c9 ESTE AVISO Esta p\u00e1gina contiene una descripci\u00f3n de los m\u00e9todos para la gesti\u00f3n\u2026","og_url":"https:\/\/www.genverde.it\/es\/privacy-policy-donaciones\/","og_site_name":"Gen Verde","article_modified_time":"2021-12-28T14:09:43+00:00","og_image":[{"width":646,"height":237,"url":"https:\/\/www.genverde.it\/wp-content\/uploads\/2021\/06\/logo-gen-verde-semplice.png","type":"image\/png"}],"twitter_card":"summary_large_image","twitter_misc":{"Tiempo de lectura":"4 minutos"},"schema":{"@context":"https:\/\/schema.org","@graph":[{"@type":"WebPage","@id":"https:\/\/www.genverde.it\/es\/privacy-policy-donaciones\/","url":"https:\/\/www.genverde.it\/es\/privacy-policy-donaciones\/","name":"INFORMACI\u00d3N SOBRE EL TRATAMIENTO DE DATOS PERSONALES","isPartOf":{"@id":"https:\/\/www.genverde.it\/es\/#website"},"datePublished":"2021-12-23T13:16:07+00:00","dateModified":"2021-12-28T14:09:43+00:00","breadcrumb":{"@id":"https:\/\/www.genverde.it\/es\/privacy-policy-donaciones\/#breadcrumb"},"inLanguage":"es","potentialAction":[{"@type":"ReadAction","target":["https:\/\/www.genverde.it\/es\/privacy-policy-donaciones\/"]}]},{"@type":"BreadcrumbList","@id":"https:\/\/www.genverde.it\/es\/privacy-policy-donaciones\/#breadcrumb","itemListElement":[{"@type":"ListItem","position":1,"name":"Home","item":"https:\/\/www.genverde.it\/es\/"},{"@type":"ListItem","position":2,"name":"INFORMACI\u00d3N SOBRE EL TRATAMIENTO DE DATOS PERSONALES"}]},{"@type":"WebSite","@id":"https:\/\/www.genverde.it\/es\/#website","url":"https:\/\/www.genverde.it\/es\/","name":"Gen Verde","description":"","publisher":{"@id":"https:\/\/www.genverde.it\/es\/#organization"},"potentialAction":[{"@type":"SearchAction","target":{"@type":"EntryPoint","urlTemplate":"https:\/\/www.genverde.it\/es\/?s={search_term_string}"},"query-input":"required name=search_term_string"}],"inLanguage":"es"},{"@type":"Organization","@id":"https:\/\/www.genverde.it\/es\/#organization","name":"Gen Verde","url":"https:\/\/www.genverde.it\/es\/","logo":{"@type":"ImageObject","inLanguage":"es","@id":"https:\/\/www.genverde.it\/es\/#\/schema\/logo\/image\/","url":"https:\/\/www.genverde.it\/wp-content\/uploads\/2021\/05\/logo-gen-verde-black.png","contentUrl":"https:\/\/www.genverde.it\/wp-content\/uploads\/2021\/05\/logo-gen-verde-black.png","width":646,"height":392,"caption":"Gen Verde"},"image":{"@id":"https:\/\/www.genverde.it\/es\/#\/schema\/logo\/image\/"}}]}},"_links":{"self":[{"href":"https:\/\/www.genverde.it\/es\/wp-json\/wp\/v2\/pages\/17850"}],"collection":[{"href":"https:\/\/www.genverde.it\/es\/wp-json\/wp\/v2\/pages"}],"about":[{"href":"https:\/\/www.genverde.it\/es\/wp-json\/wp\/v2\/types\/page"}],"author":[{"embeddable":true,"href":"https:\/\/www.genverde.it\/es\/wp-json\/wp\/v2\/users\/1"}],"replies":[{"embeddable":true,"href":"https:\/\/www.genverde.it\/es\/wp-json\/wp\/v2\/comments?post=17850"}],"version-history":[{"count":3,"href":"https:\/\/www.genverde.it\/es\/wp-json\/wp\/v2\/pages\/17850\/revisions"}],"predecessor-version":[{"id":17855,"href":"https:\/\/www.genverde.it\/es\/wp-json\/wp\/v2\/pages\/17850\/revisions\/17855"}],"wp:attachment":[{"href":"https:\/\/www.genverde.it\/es\/wp-json\/wp\/v2\/media?parent=17850"}],"curies":[{"name":"wp","href":"https:\/\/api.w.org\/{rel}","templated":true}]}}