{"id":6315,"date":"2015-09-10T14:17:09","date_gmt":"2015-09-10T12:17:09","guid":{"rendered":"https:\/\/www.genverde.it\/track\/uirapuru\/"},"modified":"2023-02-16T17:19:56","modified_gmt":"2023-02-16T16:19:56","slug":"uirapuru","status":"publish","type":"track","link":"https:\/\/www.genverde.it\/es\/track\/uirapuru\/","title":{"rendered":"Uirapuru"},"content":{"rendered":"\n<div class=\"is-layout-flex wp-container-3 wp-block-columns\">\n<div class=\"is-layout-flow wp-block-column\" style=\"flex-basis:66.66%\">\n<p>Vamos ao som dos tambores com energia<br\/>P\u00e9 no ch\u00e3o, bate na palma da m\u00e3o<br\/>Imersos no verde, luz e magia<br\/>A voz da floresta faz ouvir uma can\u00e7\u00e3o<\/p>\n\n\n\n<p>Num grande peda\u00e7o de c\u00e9u azul<br\/>Um passarinho a assobiar<br\/>Ele vem pra contar uma hist\u00f3ria<br\/>A Amaz\u00f4nia n\u00e3o pode esperar<\/p>\n\n\n\n<p>Uirapuru, onde est\u00e1s?<br\/>Usa a tua voz, vem pra c\u00e1<br\/>Canta e cala o mundo inteiro<br\/>E vem sonhar com todos n\u00f3s<\/p>\n\n\n\n<p>\u00d4h, \u00f4h, \u00f4h\u2026<\/p>\n\n\n\n<p>Faz ressoar o teu canto de desventura<br\/>N\u00e3o d\u00e1, n\u00e3o<br\/>Tribos que vivem sem lar<br\/>Ningu\u00e9m leva a s\u00e9rio tanta amargura<br\/>P\u00e9talas feridas<br\/>Um lamento a ecoar<\/p>\n\n\n\n<p>N\u00e3o posso fingir que n\u00e3o vejo<br\/>Uma l\u00e1grima brilha no ar<br\/>Silenciosa a floresta ferida<br\/>Tomba e seca sem reclamar<\/p>\n\n\n\n<p>Uirapuru, onde est\u00e1s?<br\/>Usa a tua voz, vem pra c\u00e1<br\/>Canta e cala o mundo inteiro<br\/>N\u00e3o te esconder, vou te escutar<\/p>\n\n\n\n<p>Como toda a floresta para quando tu cantas<br\/>Eu tamb\u00e9m quero escutar a verdade da tua voz<br\/>Quero a coragem de imitar o teu falar<br\/>Ser claro como tu, virar uirapuru<\/p>\n\n\n\n<p>\u00d4h, \u00f4h, \u00f4h\u2026<\/p>\n\n\n\n<p>N\u00e3o sou mais crian\u00e7a<br\/>Mas tenho esperan\u00e7a<br\/>Vem comigo agora<br\/>Levantar a poeira<br\/>E \u201crecriar\u201d<\/p>\n\n\n\n<p>Uirapuru, onde est\u00e1s?<br\/>Usa a tua voz, vem pra c\u00e1<br\/>Canta e cala o mundo inteiro<br\/>Tamb\u00e9m \u00e9 meu o teu cantar<\/p>\n\n\n\n<p>\u00d4h, \u00f4h, \u00f4h\u2026<\/p>\n\n\n\n<p>Uirapuru eu sou<br\/>Uirapuru \u00e9s tu..<\/p>\n<\/div>\n\n\n\n<div class=\"is-layout-flow wp-block-column\" style=\"flex-basis:33.33%\">\n<figure class=\"wp-block-image size-large\"><img decoding=\"async\" width=\"344\" height=\"344\" src=\"https:\/\/www.genverde.it\/wp-content\/uploads\/2021\/05\/2015_16-On-the-Other-Side.jpg\" alt=\"\" class=\"wp-image-914\" srcset=\"https:\/\/www.genverde.it\/wp-content\/uploads\/2021\/05\/2015_16-On-the-Other-Side.jpg 344w, https:\/\/www.genverde.it\/wp-content\/uploads\/2021\/05\/2015_16-On-the-Other-Side-300x300.jpg 300w, https:\/\/www.genverde.it\/wp-content\/uploads\/2021\/05\/2015_16-On-the-Other-Side-150x150.jpg 150w\" sizes=\"(max-width: 344px) 100vw, 344px\" \/><\/figure>\n\n\n\n<p>2015<\/p>\n\n\n\n<h3><strong>On the Other Side <\/strong><\/h3>\n\n\n\n<p>M\u00fasica: Nancy L. Uelmen<br\/>Letra: Sarah G. McAllister<br\/>\u00a9 Copyright Gen Verde della P.A.F.O.M. <br\/>All rights reserved<br\/>www.genverde.it<\/p>\n\n\n<div class=\"streaming-download-link noprint\"><div class=\"streaming-container\"><div class=\"streaming-links-container\"><a class=\"link-apple-music\" href=\"https:\/\/music.apple.com\/it\/album\/uirapuru\/1653500435?i=1653501604\" target = \"_blank\"><span class=\"icons icon-apple\"><\/span><\/a><a class=\"link-spotify\" href=\"https:\/\/open.spotify.com\/track\/4uldGaAJQ1Hv3c9Cn0lNX8?si=2155b3c431684db8\" target = \"_blank\"><span class=\"icons icon-spotify\"><\/span><\/a><a class=\"link-amazon-music\" href=\"https:\/\/music.amazon.fr\/albums\/B0BLJ68G63?marketplaceId=A13V1IB3VIYZZH&musicTerritory=FR&ref=dm_sh_7A33LDuzdvntELCyhpFQcKSZy&trackAsin=B0BLJ8WGLY\" target = \"_blank\"><span class=\"icons icon-amazon\"><\/span><\/a><div class=\"youtube-container\"><a class=\"link-youtube\" href=\"https:\/\/www.youtube.com\/watch?v=R2NexsDccm0\" target = \"_blank\"><span class=\"icons icon-youtube\"><\/span> VER V\u00cdDEO<\/a><\/div><\/div> <\/div><div class=\"download-container\"><h2 style=\"font-size:23px; letter-spacing:0px;\" class=\"download-title\">Descargar<\/h2><div class=\"single-download\"><a href =\"https:\/\/www.genverde.it\/wp-content\/uploads\/2021\/06\/08-Uirapuru.pdf\" target=\"_blank\"><span class=\"icons icon-download\"><\/span> Partitura<\/a><\/div><\/div><a class=\"print-track noprint\" href=\"javascript:if(window.print)window.print()\"><span class=\"icons icon-print\"><\/span><\/a><\/div>\n<\/div>\n<\/div>\n<p><!-- \/wp:columns --><\/p>\n","protected":false},"featured_media":6297,"menu_order":8,"template":"","meta":[],"category_tracks":[],"blocksy_meta":{"styles_descriptor":{"styles":{"desktop":"","tablet":"","mobile":""},"google_fonts":[]}},"featured_image_urls":{"full":["https:\/\/www.genverde.it\/wp-content\/uploads\/2021\/05\/2015_16-On-the-Other-Side.jpg",344,344,false],"thumbnail":["https:\/\/www.genverde.it\/wp-content\/uploads\/2021\/05\/2015_16-On-the-Other-Side-150x150.jpg",150,150,true],"medium":["https:\/\/www.genverde.it\/wp-content\/uploads\/2021\/05\/2015_16-On-the-Other-Side-300x300.jpg",300,300,true],"medium_large":["https:\/\/www.genverde.it\/wp-content\/uploads\/2021\/05\/2015_16-On-the-Other-Side.jpg",344,344,false],"large":["https:\/\/www.genverde.it\/wp-content\/uploads\/2021\/05\/2015_16-On-the-Other-Side.jpg",344,344,false],"1536x1536":["https:\/\/www.genverde.it\/wp-content\/uploads\/2021\/05\/2015_16-On-the-Other-Side.jpg",344,344,false],"2048x2048":["https:\/\/www.genverde.it\/wp-content\/uploads\/2021\/05\/2015_16-On-the-Other-Side.jpg",344,344,false]},"post_excerpt_stackable":"<p>Vamos ao som dos tambores com energiaP\u00e9 no ch\u00e3o, bate na palma da m\u00e3oImersos no verde, luz e magiaA voz da floresta faz ouvir uma can\u00e7\u00e3o Num grande peda\u00e7o de c\u00e9u azulUm passarinho a assobiarEle vem pra contar uma hist\u00f3riaA Amaz\u00f4nia n\u00e3o pode esperar Uirapuru, onde est\u00e1s?Usa a tua voz, vem pra c\u00e1Canta e cala o mundo inteiroE vem sonhar com todos n\u00f3s \u00d4h, \u00f4h, \u00f4h\u2026 Faz ressoar o teu canto de desventuraN\u00e3o d\u00e1, n\u00e3oTribos que vivem sem larNingu\u00e9m leva a s\u00e9rio tanta amarguraP\u00e9talas feridasUm lamento a ecoar N\u00e3o posso fingir que n\u00e3o vejoUma l\u00e1grima brilha no arSilenciosa a floresta&hellip;<\/p>\n","category_list":"","author_info":{"name":"","url":""},"comments_num":"0 comentarios","yoast_head":"<!-- This site is optimized with the Yoast SEO plugin v20.10 - https:\/\/yoast.com\/wordpress\/plugins\/seo\/ -->\n<title>Uirapuru Testo e PDF<\/title>\n<meta name=\"robots\" content=\"index, follow, max-snippet:-1, max-image-preview:large, max-video-preview:-1\" \/>\n<link rel=\"canonical\" href=\"https:\/\/www.genverde.it\/es\/wp-json\/wp\/v2\/track\/6315\/\" \/>\n<meta property=\"og:locale\" content=\"es_ES\" \/>\n<meta property=\"og:type\" content=\"article\" \/>\n<meta property=\"og:title\" content=\"Uirapuru Testo e PDF\" \/>\n<meta property=\"og:description\" content=\"Vamos ao som dos tambores com energiaP\u00e9 no ch\u00e3o, bate na palma da m\u00e3oImersos no\u2026\" \/>\n<meta property=\"og:url\" content=\"https:\/\/www.genverde.it\/es\/track\/uirapuru\/\" \/>\n<meta property=\"og:site_name\" content=\"Gen Verde\" \/>\n<meta property=\"article:modified_time\" content=\"2023-02-16T16:19:56+00:00\" \/>\n<meta property=\"og:image\" content=\"https:\/\/www.genverde.it\/wp-content\/uploads\/2021\/05\/2015_16-On-the-Other-Side.jpg\" \/>\n\t<meta property=\"og:image:width\" content=\"344\" \/>\n\t<meta property=\"og:image:height\" content=\"344\" \/>\n\t<meta property=\"og:image:type\" content=\"image\/jpeg\" \/>\n<meta name=\"twitter:card\" content=\"summary_large_image\" \/>\n<meta name=\"twitter:label1\" content=\"Tiempo de lectura\" \/>\n\t<meta name=\"twitter:data1\" content=\"2 minutos\" \/>\n<script type=\"application\/ld+json\" class=\"yoast-schema-graph\">{\"@context\":\"https:\/\/schema.org\",\"@graph\":[{\"@type\":\"WebPage\",\"@id\":\"https:\/\/www.genverde.it\/es\/track\/uirapuru\/\",\"url\":\"https:\/\/www.genverde.it\/es\/track\/uirapuru\/\",\"name\":\"Uirapuru Testo e PDF\",\"isPartOf\":{\"@id\":\"https:\/\/www.genverde.it\/es\/#website\"},\"datePublished\":\"2015-09-10T12:17:09+00:00\",\"dateModified\":\"2023-02-16T16:19:56+00:00\",\"breadcrumb\":{\"@id\":\"https:\/\/www.genverde.it\/es\/track\/uirapuru\/#breadcrumb\"},\"inLanguage\":\"es\",\"potentialAction\":[{\"@type\":\"ReadAction\",\"target\":[\"https:\/\/www.genverde.it\/es\/track\/uirapuru\/\"]}]},{\"@type\":\"BreadcrumbList\",\"@id\":\"https:\/\/www.genverde.it\/es\/track\/uirapuru\/#breadcrumb\",\"itemListElement\":[{\"@type\":\"ListItem\",\"position\":1,\"name\":\"Home\",\"item\":\"https:\/\/www.genverde.it\/es\/\"},{\"@type\":\"ListItem\",\"position\":2,\"name\":\"Uirapuru\"}]},{\"@type\":\"WebSite\",\"@id\":\"https:\/\/www.genverde.it\/es\/#website\",\"url\":\"https:\/\/www.genverde.it\/es\/\",\"name\":\"Gen Verde\",\"description\":\"\",\"publisher\":{\"@id\":\"https:\/\/www.genverde.it\/es\/#organization\"},\"potentialAction\":[{\"@type\":\"SearchAction\",\"target\":{\"@type\":\"EntryPoint\",\"urlTemplate\":\"https:\/\/www.genverde.it\/es\/?s={search_term_string}\"},\"query-input\":\"required name=search_term_string\"}],\"inLanguage\":\"es\"},{\"@type\":\"Organization\",\"@id\":\"https:\/\/www.genverde.it\/es\/#organization\",\"name\":\"Gen Verde\",\"url\":\"https:\/\/www.genverde.it\/es\/\",\"logo\":{\"@type\":\"ImageObject\",\"inLanguage\":\"es\",\"@id\":\"https:\/\/www.genverde.it\/es\/#\/schema\/logo\/image\/\",\"url\":\"https:\/\/www.genverde.it\/wp-content\/uploads\/2021\/05\/logo-gen-verde-black.png\",\"contentUrl\":\"https:\/\/www.genverde.it\/wp-content\/uploads\/2021\/05\/logo-gen-verde-black.png\",\"width\":646,\"height\":392,\"caption\":\"Gen Verde\"},\"image\":{\"@id\":\"https:\/\/www.genverde.it\/es\/#\/schema\/logo\/image\/\"}}]}<\/script>\n<!-- \/ Yoast SEO plugin. -->","yoast_head_json":{"title":"Uirapuru Testo e PDF","robots":{"index":"index","follow":"follow","max-snippet":"max-snippet:-1","max-image-preview":"max-image-preview:large","max-video-preview":"max-video-preview:-1"},"canonical":"https:\/\/www.genverde.it\/es\/wp-json\/wp\/v2\/track\/6315\/","og_locale":"es_ES","og_type":"article","og_title":"Uirapuru Testo e PDF","og_description":"Vamos ao som dos tambores com energiaP\u00e9 no ch\u00e3o, bate na palma da m\u00e3oImersos no\u2026","og_url":"https:\/\/www.genverde.it\/es\/track\/uirapuru\/","og_site_name":"Gen Verde","article_modified_time":"2023-02-16T16:19:56+00:00","og_image":[{"width":344,"height":344,"url":"https:\/\/www.genverde.it\/wp-content\/uploads\/2021\/05\/2015_16-On-the-Other-Side.jpg","type":"image\/jpeg"}],"twitter_card":"summary_large_image","twitter_misc":{"Tiempo de lectura":"2 minutos"},"schema":{"@context":"https:\/\/schema.org","@graph":[{"@type":"WebPage","@id":"https:\/\/www.genverde.it\/es\/track\/uirapuru\/","url":"https:\/\/www.genverde.it\/es\/track\/uirapuru\/","name":"Uirapuru Testo e PDF","isPartOf":{"@id":"https:\/\/www.genverde.it\/es\/#website"},"datePublished":"2015-09-10T12:17:09+00:00","dateModified":"2023-02-16T16:19:56+00:00","breadcrumb":{"@id":"https:\/\/www.genverde.it\/es\/track\/uirapuru\/#breadcrumb"},"inLanguage":"es","potentialAction":[{"@type":"ReadAction","target":["https:\/\/www.genverde.it\/es\/track\/uirapuru\/"]}]},{"@type":"BreadcrumbList","@id":"https:\/\/www.genverde.it\/es\/track\/uirapuru\/#breadcrumb","itemListElement":[{"@type":"ListItem","position":1,"name":"Home","item":"https:\/\/www.genverde.it\/es\/"},{"@type":"ListItem","position":2,"name":"Uirapuru"}]},{"@type":"WebSite","@id":"https:\/\/www.genverde.it\/es\/#website","url":"https:\/\/www.genverde.it\/es\/","name":"Gen Verde","description":"","publisher":{"@id":"https:\/\/www.genverde.it\/es\/#organization"},"potentialAction":[{"@type":"SearchAction","target":{"@type":"EntryPoint","urlTemplate":"https:\/\/www.genverde.it\/es\/?s={search_term_string}"},"query-input":"required name=search_term_string"}],"inLanguage":"es"},{"@type":"Organization","@id":"https:\/\/www.genverde.it\/es\/#organization","name":"Gen Verde","url":"https:\/\/www.genverde.it\/es\/","logo":{"@type":"ImageObject","inLanguage":"es","@id":"https:\/\/www.genverde.it\/es\/#\/schema\/logo\/image\/","url":"https:\/\/www.genverde.it\/wp-content\/uploads\/2021\/05\/logo-gen-verde-black.png","contentUrl":"https:\/\/www.genverde.it\/wp-content\/uploads\/2021\/05\/logo-gen-verde-black.png","width":646,"height":392,"caption":"Gen Verde"},"image":{"@id":"https:\/\/www.genverde.it\/es\/#\/schema\/logo\/image\/"}}]}},"_links":{"self":[{"href":"https:\/\/www.genverde.it\/es\/wp-json\/wp\/v2\/track\/6315"}],"collection":[{"href":"https:\/\/www.genverde.it\/es\/wp-json\/wp\/v2\/track"}],"about":[{"href":"https:\/\/www.genverde.it\/es\/wp-json\/wp\/v2\/types\/track"}],"wp:featuredmedia":[{"embeddable":true,"href":"https:\/\/www.genverde.it\/es\/wp-json\/wp\/v2\/media\/6297"}],"wp:attachment":[{"href":"https:\/\/www.genverde.it\/es\/wp-json\/wp\/v2\/media?parent=6315"}],"wp:term":[{"taxonomy":"category_tracks","embeddable":true,"href":"https:\/\/www.genverde.it\/es\/wp-json\/wp\/v2\/category_tracks?post=6315"}],"curies":[{"name":"wp","href":"https:\/\/api.w.org\/{rel}","templated":true}]}}