{"id":17820,"date":"2021-12-23T14:16:07","date_gmt":"2021-12-23T13:16:07","guid":{"rendered":"https:\/\/www.genverde.it\/privacy-policy-doacao\/"},"modified":"2023-01-11T10:16:01","modified_gmt":"2023-01-11T09:16:01","slug":"privacy-policy-doacao","status":"publish","type":"page","link":"https:\/\/www.genverde.it\/pt\/privacy-policy-doacao\/","title":{"rendered":"INFORMA\u00c7\u00d5ES SOBRE O TRATAMENTO DOS DADOS PESSOAIS"},"content":{"rendered":"\n<p><strong>PORQUE ESTE AVISO<\/strong><\/p>\n\n<p>Nesta p\u00e1gina se descreve as modalidades de gest\u00e3o do site em refer\u00eancia ao processamento dos dados pessoais dos usu\u00e1rios que doam. Trata-se de uma informa\u00e7\u00e3o que \u00e9 feita sobre a privacidade nos termos do Regulamento (UE) <tcxspan tcxhref=\"tel:2016679\" title=\"Call 2016\/679 with 3CX Click to Call\">2016\/679<\/tcxspan> (a seguir &#8220;Regulamento&#8221; o \u201cGDPR\u201d) \u00e0queles que doam atrav\u00e9s do servi\u00e7o <em>web<\/em> para o endere\u00e7o: <a href=\"https:\/\/www.genverde.it\/pt\/doacao\/\"><strong><span style=\"color: var(--paletteColor2, #96c600);\" class=\"ugb-highlight\">https:\/\/www.genverde.it\/doacao\/<\/span><\/strong><\/a> para as finalidades institucionais do Movimento dos Focolares.<\/p>\n\n<p>A Informa\u00e7\u00e3o, em particular, diz respeito exclusivamente a p\u00e1gina das doa\u00e7\u00f5es P.A.F.O.M. (Movimento dos Focolares): portanto, n\u00e3o se refere a eventuais outros sites que possam ser acessados pelo usu\u00e1rio atrav\u00e9s dos links presentes no mesmo.<\/p>\n\n<p><strong>O \u201cTITULAR\u201d DO PROCESSAMENTO<\/strong><\/p>\n\n<p>O \u201ctitular\u201d do tratamento deles \u2013 ou a pessoa jur\u00eddica que determina as finalidades e os meios de processamento dos dados pessoais &#8211; \u00e9 <strong> P.A.F.O.M.,<\/strong> com sede legal em Rocca di Papa (Roma \u2013 Italia), Via Frascati, n. 306. 306.<\/p>\n\n<p><strong>O RESPONS\u00c1VEL DA PROTE\u00c7\u00c3O DOS DADOS<\/strong><strong><\/strong><\/p>\n\n<p>O Respons\u00e1vel da Prote\u00e7\u00e3o dos Dados (RPD) \u00e9 o Adv. Sergio Barbaro contactado no seguinte endere\u00e7o: Respons\u00e1vel da Prote\u00e7\u00e3o dos dados pessoais, via Frascati n. 306, 00040 Rocca di Papa (Roma-Italia), email: privacy@focolare.org.<\/p>\n\n<p><strong>LUGAR E FINALIDADE DOS PROCESSAMENTOS DOS DADOS<\/strong><\/p>\n\n<p>Os tratamentos conexos aos servi\u00e7os <em>web<\/em> deste site t\u00eam lugar na referida sede e s\u00e3o feitos somente pelo pessoal t\u00e9cnico encarregado pelo titular do processamento, ou por qualquer eventuais encarregados das ocasionais opera\u00e7\u00f5es de manuten\u00e7\u00e3o, sob a autoridade direta do titular do processamento. Nenhum dado proveniente do servi\u00e7o <em>web<\/em> \u00e9 comunicado ou divulgado<\/p>\n\n<p>Os dados pessoais fornecidos pelos usu\u00e1rios s\u00e3o utilizados com o \u00fanico prop\u00f3sito de aperfei\u00e7oar a doa\u00e7\u00e3o.<\/p>\n\n<p><strong>PER\u00cdODO DE CONSERVA\u00c7\u00c3O DOS DADADOS<\/strong><\/p>\n\n<p>Exceto para os dados fornecidos voluntariamente pelo usu\u00e1rio para servi\u00e7os espec\u00edficos, para os quais ser\u00e3o feitas informa\u00e7\u00f5es espec\u00edficas, as informa\u00e7\u00f5es relativas \u00e0 navega\u00e7\u00e3o ser\u00e3o preservadas por no m\u00e1ximo quatorze meses sucessivos ap\u00f3s a coleta.<\/p>\n\n<p><strong>DIREITOS DOS INTERESSADOS<\/strong><strong><\/strong><\/p>\n\n<p>A Normativa Aplic\u00e1vel riconhece aos usu\u00e1rios uma s\u00e9rie de direitos entre os quais, a mero t\u00edtulo exemplificativo, o direito:<\/p>\n\n<p>(i) de acessar aos pr\u00f3prios Dados Perssoais<\/p>\n\n<p>(ii) de requerer a retifica\u00e7\u00e3o<\/p>\n\n<p>(iii) A atualiza\u00e7\u00e3o e o cancelamento, se incompletos, err\u00f4neos ou coletados em viola\u00e7\u00e3o da lei<\/p>\n\n<p>(iv) de solicitar que o tratamento seja limitado a uma parte das informa\u00e7\u00f5es que lhes dizem respeito<\/p>\n\n<p>(v) de transmetir aos mesmos ou a terceitos por eles indicados as informa\u00e7\u00f5es que lhes dizem respeito (c.d. \u201cportabilidade dos dados\u201d)<\/p>\n\n<p>(vi) de op\u00f4r-se ao seu tratamento por motivos leg\u00edtimos<\/p>\n\n<p>(vii) de revogar o pr\u00f3prio consentimento a qualquer momento mediante solicita\u00e7\u00e3o informal, por escrito, endere\u00e7ada \u00e0 P.A.F.O.M. aos contatos indicados.<\/p>\n\n<p>P.A.F.O.M. Lembra que, sempre que o atendimento \u00e0s solicita\u00e7\u00f5es n\u00e3o possa ser considerado satisfat\u00f3rio, o usu\u00e1rio poder\u00e1 apresentar uma reclama\u00e7\u00e3o \u00e0 Autoridade Respons\u00e1vel para a Prote\u00e7\u00e3o dos Dados Pessoais (www.garanteprivacy.it) nas formas previstas nas disposi\u00e7\u00f5es Legislativas Aplic\u00e1vel.<\/p>\n\n<p> <strong>FORNECIMENTO DO REGISTRO AOS PEDIDOS DO INTERESSADO E DADOS DE CONTATO <\/strong><br\/>\u00c0 P.A.F.O.M. portanto, \u00e9 poss\u00edvel dirigir-se para qualquer solicita\u00e7\u00e3o, esclarecimento ou resposta sobre a aplica\u00e7\u00e3o da regulamenta\u00e7\u00e3o em mat\u00e9ria de prote\u00e7\u00e3o dos dados pessoais e para o concreto exerc\u00edcio dos direitos do interessado, melhor indicados no par\u00e1grafo precedente, tamb\u00e9m no caso em que seja necess\u00e1rio prover \u00e0 atualiza\u00e7\u00e3o, \u00e0 modifica\u00e7\u00e3o, \u00e0 integra\u00e7\u00e3o, \u00e0 corre\u00e7\u00e3o e\/ou ao cancelamento dos dados, como previsto pela citada regulamenta\u00e7\u00e3o ou em rela\u00e7\u00e3o \u00e0 avalia\u00e7\u00e3o das exig\u00eancias espec\u00edficas explicitamente propostas pelo interessado.<\/p>\n\n<p>Por este motivo, para facilitar ao interessado o exerc\u00edcio dos pr\u00f3prios direitos e na intera\u00e7\u00e3o com o Movimento dos Focolares, devem ser fornecidos os seguintes contatos aos quais dirigir-se em caso de reclama\u00e7\u00e3o: <strong>endere\u00e7o e-mail:<\/strong> <strong> <\/strong><a href=\"mailto:privacy@focolare.org\"><strong>privacy@focolare.org<\/strong><\/a><strong>; <\/strong><strong>00040 Rocca di Papa (RM), Via Frascati, 306.<\/strong><\/p>\n\n<div class=\"wp-block-ugb-button ugb-button-wrapper ugb-43905e9 ugb-main-block\"><style>.ugb-43905e9 .ugb-block-content{justify-content:center}.ugb-43905e9 .ugb-block-content .ugb-button{border-radius:3px}.ugb-43905e9 .ugb-button1{background-color:var(--paletteColor2,#96c600);border-radius:3px !important}.ugb-43905e9 .ugb-button1 .ugb-button--inner,.ugb-43905e9 .ugb-button1 svg:not(.ugb-custom-icon){color:var(--paletteColor1,#ffffff) !important}.ugb-43905e9 .ugb-button1:hover{opacity:1}.ugb-43905e9 .ugb-button1:before{border-radius:3px !important}.ugb-43905e9 .ugb-inner-block{text-align:center}<\/style><div class=\"ugb-inner-block\"><div class=\"ugb-block-content\"><div class=\"ugb-button-container\"><a class=\"ugb-button1 ugb-button ugb-button--size-large\" href=\"https:\/\/www.genverde.it\/pt\/doacao\/\" rel=\"\" title=\"\"><span class=\"ugb-button--inner\"><strong>DOE AGORA<\/strong><\/span><\/a><\/div><\/div><\/div><\/div>\n\n<div class=\"wp-block-ugb-spacer ugb-spacer ugb-c6b7843 ugb-spacer--v2 ugb-main-block\"><div class=\"ugb-inner-block\"><div class=\"ugb-block-content\"><div class=\"ugb-spacer--inner\"><\/div><\/div><\/div><\/div>\n","protected":false},"excerpt":{"rendered":"<p>PORQUE ESTE AVISO Nesta p\u00e1gina se descreve as modalidades de gest\u00e3o do site em refer\u00eancia\u2026<\/p>\n","protected":false},"author":1,"featured_media":0,"parent":0,"menu_order":0,"comment_status":"closed","ping_status":"closed","template":"","meta":[],"blocksy_meta":{"styles_descriptor":{"styles":{"desktop":"","tablet":"","mobile":""},"google_fonts":[]}},"featured_image_urls":{"full":"","thumbnail":"","medium":"","medium_large":"","large":"","1536x1536":"","2048x2048":""},"post_excerpt_stackable":"<p>PORQUE ESTE AVISO Nesta p\u00e1gina se descreve as modalidades de gest\u00e3o do site em refer\u00eancia ao processamento dos dados pessoais dos usu\u00e1rios que doam. Trata-se de uma informa\u00e7\u00e3o que \u00e9 feita sobre a privacidade nos termos do Regulamento (UE) 2016\/679 (a seguir &#8220;Regulamento&#8221; o \u201cGDPR\u201d) \u00e0queles que doam atrav\u00e9s do servi\u00e7o web para o endere\u00e7o: https:\/\/www.genverde.it\/doacao\/ para as finalidades institucionais do Movimento dos Focolares. A Informa\u00e7\u00e3o, em particular, diz respeito exclusivamente a p\u00e1gina das doa\u00e7\u00f5es P.A.F.O.M. (Movimento dos Focolares): portanto, n\u00e3o se refere a eventuais outros sites que possam ser acessados pelo usu\u00e1rio atrav\u00e9s dos links presentes no mesmo. O&hellip;<\/p>\n","category_list":"","author_info":{"name":"domains@trizero.it","url":"https:\/\/www.genverde.it\/pt\/author\/domainstrizero-it\/"},"comments_num":"0 comments","yoast_head":"<!-- This site is optimized with the Yoast SEO plugin v20.10 - https:\/\/yoast.com\/wordpress\/plugins\/seo\/ -->\n<title>INFORMA\u00c7\u00d5ES SOBRE O TRATAMENTO DOS DADOS PESSOAIS<\/title>\n<meta name=\"robots\" content=\"index, follow, max-snippet:-1, max-image-preview:large, max-video-preview:-1\" \/>\n<link rel=\"canonical\" href=\"https:\/\/www.genverde.it\/pt\/privacy-policy-doacao\/\" \/>\n<meta property=\"og:locale\" content=\"pt_PT\" \/>\n<meta property=\"og:type\" content=\"article\" \/>\n<meta property=\"og:title\" content=\"INFORMA\u00c7\u00d5ES SOBRE O TRATAMENTO DOS DADOS PESSOAIS\" \/>\n<meta property=\"og:description\" content=\"PORQUE ESTE AVISO Nesta p\u00e1gina se descreve as modalidades de gest\u00e3o do site em refer\u00eancia\u2026\" \/>\n<meta property=\"og:url\" content=\"https:\/\/www.genverde.it\/pt\/privacy-policy-doacao\/\" \/>\n<meta property=\"og:site_name\" content=\"Gen Verde\" \/>\n<meta property=\"article:modified_time\" content=\"2023-01-11T09:16:01+00:00\" \/>\n<meta property=\"og:image\" content=\"https:\/\/www.genverde.it\/wp-content\/uploads\/2021\/06\/logo-gen-verde-semplice.png\" \/>\n\t<meta property=\"og:image:width\" content=\"646\" \/>\n\t<meta property=\"og:image:height\" content=\"237\" \/>\n\t<meta property=\"og:image:type\" content=\"image\/png\" \/>\n<meta name=\"twitter:card\" content=\"summary_large_image\" \/>\n<meta name=\"twitter:label1\" content=\"Est. reading time\" \/>\n\t<meta name=\"twitter:data1\" content=\"3 minutes\" \/>\n<script type=\"application\/ld+json\" class=\"yoast-schema-graph\">{\"@context\":\"https:\/\/schema.org\",\"@graph\":[{\"@type\":\"WebPage\",\"@id\":\"https:\/\/www.genverde.it\/pt\/privacy-policy-doacao\/\",\"url\":\"https:\/\/www.genverde.it\/pt\/privacy-policy-doacao\/\",\"name\":\"INFORMA\u00c7\u00d5ES SOBRE O TRATAMENTO DOS DADOS PESSOAIS\",\"isPartOf\":{\"@id\":\"https:\/\/www.genverde.it\/pt\/#website\"},\"datePublished\":\"2021-12-23T13:16:07+00:00\",\"dateModified\":\"2023-01-11T09:16:01+00:00\",\"breadcrumb\":{\"@id\":\"https:\/\/www.genverde.it\/pt\/privacy-policy-doacao\/#breadcrumb\"},\"inLanguage\":\"pt\",\"potentialAction\":[{\"@type\":\"ReadAction\",\"target\":[\"https:\/\/www.genverde.it\/pt\/privacy-policy-doacao\/\"]}]},{\"@type\":\"BreadcrumbList\",\"@id\":\"https:\/\/www.genverde.it\/pt\/privacy-policy-doacao\/#breadcrumb\",\"itemListElement\":[{\"@type\":\"ListItem\",\"position\":1,\"name\":\"Home\",\"item\":\"https:\/\/www.genverde.it\/pt\/\"},{\"@type\":\"ListItem\",\"position\":2,\"name\":\"INFORMA\u00c7\u00d5ES SOBRE O TRATAMENTO DOS DADOS PESSOAIS\"}]},{\"@type\":\"WebSite\",\"@id\":\"https:\/\/www.genverde.it\/pt\/#website\",\"url\":\"https:\/\/www.genverde.it\/pt\/\",\"name\":\"Gen Verde\",\"description\":\"\",\"publisher\":{\"@id\":\"https:\/\/www.genverde.it\/pt\/#organization\"},\"potentialAction\":[{\"@type\":\"SearchAction\",\"target\":{\"@type\":\"EntryPoint\",\"urlTemplate\":\"https:\/\/www.genverde.it\/pt\/?s={search_term_string}\"},\"query-input\":\"required name=search_term_string\"}],\"inLanguage\":\"pt\"},{\"@type\":\"Organization\",\"@id\":\"https:\/\/www.genverde.it\/pt\/#organization\",\"name\":\"Gen Verde\",\"url\":\"https:\/\/www.genverde.it\/pt\/\",\"logo\":{\"@type\":\"ImageObject\",\"inLanguage\":\"pt\",\"@id\":\"https:\/\/www.genverde.it\/pt\/#\/schema\/logo\/image\/\",\"url\":\"https:\/\/www.genverde.it\/wp-content\/uploads\/2021\/05\/logo-gen-verde-black.png\",\"contentUrl\":\"https:\/\/www.genverde.it\/wp-content\/uploads\/2021\/05\/logo-gen-verde-black.png\",\"width\":646,\"height\":392,\"caption\":\"Gen Verde\"},\"image\":{\"@id\":\"https:\/\/www.genverde.it\/pt\/#\/schema\/logo\/image\/\"}}]}<\/script>\n<!-- \/ Yoast SEO plugin. -->","yoast_head_json":{"title":"INFORMA\u00c7\u00d5ES SOBRE O TRATAMENTO DOS DADOS PESSOAIS","robots":{"index":"index","follow":"follow","max-snippet":"max-snippet:-1","max-image-preview":"max-image-preview:large","max-video-preview":"max-video-preview:-1"},"canonical":"https:\/\/www.genverde.it\/pt\/privacy-policy-doacao\/","og_locale":"pt_PT","og_type":"article","og_title":"INFORMA\u00c7\u00d5ES SOBRE O TRATAMENTO DOS DADOS PESSOAIS","og_description":"PORQUE ESTE AVISO Nesta p\u00e1gina se descreve as modalidades de gest\u00e3o do site em refer\u00eancia\u2026","og_url":"https:\/\/www.genverde.it\/pt\/privacy-policy-doacao\/","og_site_name":"Gen Verde","article_modified_time":"2023-01-11T09:16:01+00:00","og_image":[{"width":646,"height":237,"url":"https:\/\/www.genverde.it\/wp-content\/uploads\/2021\/06\/logo-gen-verde-semplice.png","type":"image\/png"}],"twitter_card":"summary_large_image","twitter_misc":{"Est. reading time":"3 minutes"},"schema":{"@context":"https:\/\/schema.org","@graph":[{"@type":"WebPage","@id":"https:\/\/www.genverde.it\/pt\/privacy-policy-doacao\/","url":"https:\/\/www.genverde.it\/pt\/privacy-policy-doacao\/","name":"INFORMA\u00c7\u00d5ES SOBRE O TRATAMENTO DOS DADOS PESSOAIS","isPartOf":{"@id":"https:\/\/www.genverde.it\/pt\/#website"},"datePublished":"2021-12-23T13:16:07+00:00","dateModified":"2023-01-11T09:16:01+00:00","breadcrumb":{"@id":"https:\/\/www.genverde.it\/pt\/privacy-policy-doacao\/#breadcrumb"},"inLanguage":"pt","potentialAction":[{"@type":"ReadAction","target":["https:\/\/www.genverde.it\/pt\/privacy-policy-doacao\/"]}]},{"@type":"BreadcrumbList","@id":"https:\/\/www.genverde.it\/pt\/privacy-policy-doacao\/#breadcrumb","itemListElement":[{"@type":"ListItem","position":1,"name":"Home","item":"https:\/\/www.genverde.it\/pt\/"},{"@type":"ListItem","position":2,"name":"INFORMA\u00c7\u00d5ES SOBRE O TRATAMENTO DOS DADOS PESSOAIS"}]},{"@type":"WebSite","@id":"https:\/\/www.genverde.it\/pt\/#website","url":"https:\/\/www.genverde.it\/pt\/","name":"Gen Verde","description":"","publisher":{"@id":"https:\/\/www.genverde.it\/pt\/#organization"},"potentialAction":[{"@type":"SearchAction","target":{"@type":"EntryPoint","urlTemplate":"https:\/\/www.genverde.it\/pt\/?s={search_term_string}"},"query-input":"required name=search_term_string"}],"inLanguage":"pt"},{"@type":"Organization","@id":"https:\/\/www.genverde.it\/pt\/#organization","name":"Gen Verde","url":"https:\/\/www.genverde.it\/pt\/","logo":{"@type":"ImageObject","inLanguage":"pt","@id":"https:\/\/www.genverde.it\/pt\/#\/schema\/logo\/image\/","url":"https:\/\/www.genverde.it\/wp-content\/uploads\/2021\/05\/logo-gen-verde-black.png","contentUrl":"https:\/\/www.genverde.it\/wp-content\/uploads\/2021\/05\/logo-gen-verde-black.png","width":646,"height":392,"caption":"Gen Verde"},"image":{"@id":"https:\/\/www.genverde.it\/pt\/#\/schema\/logo\/image\/"}}]}},"_links":{"self":[{"href":"https:\/\/www.genverde.it\/pt\/wp-json\/wp\/v2\/pages\/17820"}],"collection":[{"href":"https:\/\/www.genverde.it\/pt\/wp-json\/wp\/v2\/pages"}],"about":[{"href":"https:\/\/www.genverde.it\/pt\/wp-json\/wp\/v2\/types\/page"}],"author":[{"embeddable":true,"href":"https:\/\/www.genverde.it\/pt\/wp-json\/wp\/v2\/users\/1"}],"replies":[{"embeddable":true,"href":"https:\/\/www.genverde.it\/pt\/wp-json\/wp\/v2\/comments?post=17820"}],"version-history":[{"count":9,"href":"https:\/\/www.genverde.it\/pt\/wp-json\/wp\/v2\/pages\/17820\/revisions"}],"predecessor-version":[{"id":27356,"href":"https:\/\/www.genverde.it\/pt\/wp-json\/wp\/v2\/pages\/17820\/revisions\/27356"}],"wp:attachment":[{"href":"https:\/\/www.genverde.it\/pt\/wp-json\/wp\/v2\/media?parent=17820"}],"curies":[{"name":"wp","href":"https:\/\/api.w.org\/{rel}","templated":true}]}}