{"id":31717,"date":"2023-09-15T19:30:37","date_gmt":"2023-09-15T17:30:37","guid":{"rendered":"https:\/\/www.genverde.it\/track\/turn-around-2\/"},"modified":"2025-08-05T13:38:40","modified_gmt":"2025-08-05T11:38:40","slug":"turn-around-2","status":"publish","type":"track","link":"https:\/\/www.genverde.it\/pt\/track\/turn-around-2\/","title":{"rendered":"Turn Around"},"content":{"rendered":"\n<div class=\"is-layout-flex wp-container-4 wp-block-columns\">\n<div class=\"is-layout-flow wp-block-column\" style=\"flex-basis:66.66%\">\n<div class=\"is-nowrap is-layout-flex wp-container-1 wp-block-group\">\n<div style=\"position:relative; width:100%; padding-bottom:56.25%; height:0; overflow:hidden;\">\n<iframe src=\"https:\/\/www.youtube-nocookie.com\/embed\/vKGyU_gxbEU?si=fV36mcWkl9nc240C\" title=\"Gen Verde - Turn Around (Official Video)\" style=\"position:absolute; top:0; left:0; width:100%; height:100%;\" frameborder=\"0\" allow=\"accelerometer; autoplay; clipboard-write; encrypted-media; gyroscope; picture-in-picture; web-share\" allowfullscreen=\"\" loading=\"lazy\">\n<\/iframe>\n<\/div>\n<\/div>\n\n\n\n<p><\/p>\n\n\n\n<p><em>Ficamos muito impressionados com o fato de os jovens de todo o mundo terem sa\u00eddo \u00e0s ruas para mostrar sua inten\u00e7\u00e3o de lutar para proteger o meio ambiente. Foi por isso que nasceu a m\u00fasica Turn Around. Uma m\u00fasica criada em conjunto com um coral virtual de jovens de v\u00e1rios pa\u00edses. Unidos a eles, quer\u00edamos expressar nosso compromisso de curar nossa casa comum, acreditando que n\u00e3o \u00e9 tarde demais para mudar de rumo&#8230;<\/em><\/p>\n\n\n\n<p style=\"font-size:30px\">Letra \u2013 Turn Around<\/p>\n\n\n\n<p><em>Turn, turn, turn around<br\/>Turn, turn, turn around<\/em><\/p>\n\n\n\n<p>Once I spoke with an astronaut<br\/>Just came back from the moon with the stars in his eyes<br\/>He said: up there I learned a lot<br\/>Something changes inside when you see the Earth rise<\/p>\n\n\n\n<p><em>Turn, turn, turn around<br\/>Turn, turn, turn around<\/em><\/p>\n\n\n\n<p>Got no boundaries and no walls<br\/>That living breathing ball<br\/>Love is underneath it all<br\/>Beneath the blue and green<br\/>Connecting everything<\/p>\n\n\n\n<p><em>Turn, turn, turn around<\/em><\/p>\n\n\n\n<p>I met a girl, she was very young<br\/>Yet she spoke burning words with a fire in her eyes<br\/>She said: Hey, something\u2019s really wrong<br\/>Deserts grow, people die while the oceans rise<\/p>\n\n\n\n<p>She said: Can\u2019t you see the urgency?<br\/>You pretend that you care then you look away<br\/>You are trampling on our hopes and dreams<br\/>We can\u2019t wait for a change, got to start today<\/p>\n\n\n\n<p><em>Turn, turn, turn around<\/em><\/p>\n\n\n\n<p>You can feel it in the breeze<br\/>And touch it in the trees<br\/>You hear the waterfall<br\/>Love is underneath it all<br\/>It\u2019s running in the fields<br\/>And swimming in the deep<br\/>Beneath the blue and green<br\/>Connecting everything<\/p>\n\n\n\n<p>Oh\u2026 yeah I believe it isn\u2019t too late to turn around<\/p>\n\n\n\n<p>Oh\u2026 yeah I believe it isn\u2019t too late, too late,<br\/>too late, too late<\/p>\n\n\n\n<p><em>Turn, turn, turn around \/Turn, turn, turn around<\/em><\/p>\n\n\n\n<p><strong>Come Creator Spirit<br\/>Fill us with your love<br\/>Guide us on the narrow road<br\/>To heal our common home<\/strong><\/p>\n\n\n\n<p><em>You can feel it in the breeze<\/em><br\/><strong>Come Creator Spirit<\/strong><br\/><em>And touch it in the trees<\/em><br\/><strong>Fill us with your love<\/strong><br\/><em>There beneath the blue and green<\/em><br\/><strong>Guide us on the narrow road<\/strong><br\/><em>Connecting everything<\/em><br\/><strong>To heal our common home<\/strong><\/p>\n\n\n\n<p><em>You can feel it in the breeze<\/em><br\/><strong>Come Creator Spirit<\/strong><br\/><em>And touch it in the trees,<br\/>You hear the waterfall<\/em><br\/><strong>Fill us with your love<\/strong><br\/><em>Love is underneath it all<br\/>It\u2019s running in the fields<\/em><br\/><strong>Guide us on the narrow road<\/strong><br\/><em>And swimming in the deep<br\/>Beneath the blue and green<\/em><br\/><strong>To heal our common home<\/strong><br\/><em>Connecting everything<\/em><\/p>\n\n\n\n<p>Oh\u2026 yeah I believe it isn\u2019t too late to turn around<br\/>Oh\u2026 yeah I believe it isn\u2019t too late, too late,<br\/>too late, too late\u2026<\/p>\n\n\n\n<p><em>Turn, turn, turn around \/ Time to turn around<\/em><\/p>\n\n\n\n<hr class=\"wp-block-separator has-alpha-channel-opacity is-style-wide\"\/>\n\n\n\n<p>Ou\u00e7a e leia as letras de outras m\u00fasicas <strong>semelhantes a<\/strong> <strong>Turn Around:<\/strong> <a href=\"https:\/\/www.genverde.it\/pt\/musica\/we-choose-peace\/\" target=\"_blank\" rel=\"noreferrer noopener\">We Choose Peace<\/a>, <a href=\"https:\/\/www.genverde.it\/pt\/track\/wave-of-love\/\" target=\"_blank\" rel=\"noreferrer noopener\">Wave of Love<\/a>.<\/p>\n<\/div>\n\n\n\n<div class=\"is-layout-flow wp-block-column\" style=\"flex-basis:33.33%\">\n<h3>Gen Verde U.S. Tour 2023 (Songs from the Concert &#8211; Compilation)<\/h3>\n\n\n<figure class=\"wp-block-post-featured-image\"><img width=\"2560\" height=\"2560\" src=\"https:\/\/www.genverde.it\/wp-content\/uploads\/2023\/09\/2023_Gen_Verde_U.S._Tour2023-scaled.jpg\" class=\"attachment-post-thumbnail size-post-thumbnail wp-post-image\" alt=\"Foto di gruppo per Tour negli USA 2023\" decoding=\"async\" loading=\"lazy\" srcset=\"https:\/\/www.genverde.it\/wp-content\/uploads\/2023\/09\/2023_Gen_Verde_U.S._Tour2023-scaled.jpg 2560w, https:\/\/www.genverde.it\/wp-content\/uploads\/2023\/09\/2023_Gen_Verde_U.S._Tour2023-300x300.jpg 300w, https:\/\/www.genverde.it\/wp-content\/uploads\/2023\/09\/2023_Gen_Verde_U.S._Tour2023-1024x1024.jpg 1024w, https:\/\/www.genverde.it\/wp-content\/uploads\/2023\/09\/2023_Gen_Verde_U.S._Tour2023-150x150.jpg 150w, https:\/\/www.genverde.it\/wp-content\/uploads\/2023\/09\/2023_Gen_Verde_U.S._Tour2023-768x768.jpg 768w, https:\/\/www.genverde.it\/wp-content\/uploads\/2023\/09\/2023_Gen_Verde_U.S._Tour2023-1536x1536.jpg 1536w, https:\/\/www.genverde.it\/wp-content\/uploads\/2023\/09\/2023_Gen_Verde_U.S._Tour2023-2048x2048.jpg 2048w\" sizes=\"(max-width: 2560px) 100vw, 2560px\" \/><\/figure>\n\n\n<p>2023<\/p>\n\n\n\n<p>Musica e Testo: Nancy L. Uelmen, Jueun Bai<br\/>\u00a9 Copyright Gen Verde della P.A.F.O.M.<br\/>All rights reserved<br\/>www.genverde.it<\/p>\n\n\n<div class=\"streaming-download-link noprint\"><div class=\"streaming-container\"><div class=\"streaming-links-container\"><a class=\"link-apple-music\" href=\"https:\/\/music.apple.com\/us\/album\/turn-around\/1706150081?i=1706150228\" target = \"_blank\"><span class=\"icons icon-apple\"><\/span><\/a><a class=\"link-spotify\" href=\"https:\/\/open.spotify.com\/track\/3n8LNkoUgCiqmg54ZqIDbG?si=2a8d71fb67c64722\" target = \"_blank\"><span class=\"icons icon-spotify\"><\/span><\/a><a class=\"link-amazon-music\" href=\"https:\/\/music.amazon.com\/albums\/B0CHFVLCCX?marketplaceId=ATVPDKIKX0DER&musicTerritory=US&ref=dm_sh_EuGIEnVriN68Qu2dYpxjIyBkT&trackAsin=B0CHFV666C\" target = \"_blank\"><span class=\"icons icon-amazon\"><\/span><\/a><div class=\"youtube-container\"><a class=\"link-youtube\" href=\"https:\/\/www.youtube.com\/watch?v=vKGyU_gxbEU\" target = \"_blank\"><span class=\"icons icon-youtube\"><\/span> V\u00cdDEO<\/a><\/div><\/div> <\/div><div class=\"download-container\"><h2 style=\"font-size:23px; letter-spacing:0px;\" class=\"download-title\">DOWNLOAD<\/h2><div class=\"single-download\"><a href =\"https:\/\/www.genverde.it\/wp-content\/uploads\/2021\/05\/Turn-Around-Official-Lead-Sheet.pdf\" target=\"_blank\"><span class=\"icons icon-download\"><\/span> <\/a><\/div><\/div><a class=\"print-track noprint\" href=\"javascript:if(window.print)window.print()\"><span class=\"icons icon-print\"><\/span><\/a><\/div>\n<\/div>\n<\/div>\n\n<div class=\"is-nowrap is-layout-flex wp-container-5 wp-block-group\"><\/div>\n","protected":false},"featured_media":31211,"menu_order":8,"template":"","meta":[],"category_tracks":[332,365],"blocksy_meta":{"styles_descriptor":{"styles":{"desktop":"","tablet":"","mobile":""},"google_fonts":[]}},"featured_image_urls":{"full":["https:\/\/www.genverde.it\/wp-content\/uploads\/2023\/09\/2023_Gen_Verde_U.S._Tour2023-scaled.jpg",2560,2560,false],"thumbnail":["https:\/\/www.genverde.it\/wp-content\/uploads\/2023\/09\/2023_Gen_Verde_U.S._Tour2023-150x150.jpg",150,150,true],"medium":["https:\/\/www.genverde.it\/wp-content\/uploads\/2023\/09\/2023_Gen_Verde_U.S._Tour2023-300x300.jpg",300,300,true],"medium_large":["https:\/\/www.genverde.it\/wp-content\/uploads\/2023\/09\/2023_Gen_Verde_U.S._Tour2023-768x768.jpg",768,768,true],"large":["https:\/\/www.genverde.it\/wp-content\/uploads\/2023\/09\/2023_Gen_Verde_U.S._Tour2023-1024x1024.jpg",1024,1024,true],"1536x1536":["https:\/\/www.genverde.it\/wp-content\/uploads\/2023\/09\/2023_Gen_Verde_U.S._Tour2023-1536x1536.jpg",1536,1536,true],"2048x2048":["https:\/\/www.genverde.it\/wp-content\/uploads\/2023\/09\/2023_Gen_Verde_U.S._Tour2023-2048x2048.jpg",2048,2048,true]},"post_excerpt_stackable":"<p>Ficamos muito impressionados com o fato de os jovens de todo o mundo terem sa\u00eddo \u00e0s ruas para mostrar sua inten\u00e7\u00e3o de lutar para proteger o meio ambiente. Foi por isso que nasceu a m\u00fasica Turn Around. Uma m\u00fasica criada em conjunto com um coral virtual de jovens de v\u00e1rios pa\u00edses. Unidos a eles, quer\u00edamos expressar nosso compromisso de curar nossa casa comum, acreditando que n\u00e3o \u00e9 tarde demais para mudar de rumo&#8230; Letra \u2013 Turn Around Turn, turn, turn aroundTurn, turn, turn around Once I spoke with an astronautJust came back from the moon with the stars in his&hellip;<\/p>\n","category_list":"","author_info":{"name":"","url":""},"comments_num":"0 comments","yoast_head":"<!-- This site is optimized with the Yoast SEO plugin v20.10 - https:\/\/yoast.com\/wordpress\/plugins\/seo\/ -->\n<title>Turn Around letra - Genverde<\/title>\n<meta name=\"description\" content=\"Descobre a letra da can\u00e7\u00e3o Turn Around do Gen Verde. Explore todos os \u00e1lbuns do grupo internacional no site oficial.\" \/>\n<meta name=\"robots\" content=\"index, follow, max-snippet:-1, max-image-preview:large, max-video-preview:-1\" \/>\n<link rel=\"canonical\" href=\"https:\/\/www.genverde.it\/pt\/track\/turn-around\/\" \/>\n<meta property=\"og:locale\" content=\"pt_PT\" \/>\n<meta property=\"og:type\" content=\"article\" \/>\n<meta property=\"og:title\" content=\"Turn Around letra - Genverde\" \/>\n<meta property=\"og:description\" content=\"Descobre a letra da can\u00e7\u00e3o Turn Around do Gen Verde. Explore todos os \u00e1lbuns do grupo internacional no site oficial.\" \/>\n<meta property=\"og:url\" content=\"https:\/\/www.genverde.it\/track\/turn-around\/\" \/>\n<meta property=\"og:site_name\" content=\"Gen Verde\" \/>\n<meta property=\"article:modified_time\" content=\"2025-08-05T11:38:40+00:00\" \/>\n<meta property=\"og:image\" content=\"https:\/\/www.genverde.it\/wp-content\/uploads\/2023\/09\/2023_Gen_Verde_U.S._Tour2023-scaled.jpg\" \/>\n\t<meta property=\"og:image:width\" content=\"2560\" \/>\n\t<meta property=\"og:image:height\" content=\"2560\" \/>\n\t<meta property=\"og:image:type\" content=\"image\/jpeg\" \/>\n<meta name=\"twitter:card\" content=\"summary_large_image\" \/>\n<meta name=\"twitter:label1\" content=\"Est. reading time\" \/>\n\t<meta name=\"twitter:data1\" content=\"3 minutes\" \/>\n<script type=\"application\/ld+json\" class=\"yoast-schema-graph\">{\"@context\":\"https:\/\/schema.org\",\"@graph\":[{\"@type\":\"WebPage\",\"@id\":\"https:\/\/www.genverde.it\/pt\/track\/turn-around-2\/\",\"url\":\"https:\/\/www.genverde.it\/track\/turn-around\/\",\"name\":\"Turn Around letra - Genverde\",\"isPartOf\":{\"@id\":\"https:\/\/www.genverde.it\/pt\/#website\"},\"datePublished\":\"2023-09-15T17:30:37+00:00\",\"dateModified\":\"2025-08-05T11:38:40+00:00\",\"description\":\"Descobre a letra da can\u00e7\u00e3o Turn Around do Gen Verde. Explore todos os \u00e1lbuns do grupo internacional no site oficial.\",\"breadcrumb\":{\"@id\":\"https:\/\/www.genverde.it\/track\/turn-around\/#breadcrumb\"},\"inLanguage\":\"pt\",\"potentialAction\":[{\"@type\":\"ReadAction\",\"target\":[\"https:\/\/www.genverde.it\/track\/turn-around\/\"]}]},{\"@type\":\"BreadcrumbList\",\"@id\":\"https:\/\/www.genverde.it\/track\/turn-around\/#breadcrumb\",\"itemListElement\":[{\"@type\":\"ListItem\",\"position\":1,\"name\":\"Home\",\"item\":\"https:\/\/www.genverde.it\/pt\/\"},{\"@type\":\"ListItem\",\"position\":2,\"name\":\"Turn Around\"}]},{\"@type\":\"WebSite\",\"@id\":\"https:\/\/www.genverde.it\/pt\/#website\",\"url\":\"https:\/\/www.genverde.it\/pt\/\",\"name\":\"Gen Verde\",\"description\":\"\",\"publisher\":{\"@id\":\"https:\/\/www.genverde.it\/pt\/#organization\"},\"potentialAction\":[{\"@type\":\"SearchAction\",\"target\":{\"@type\":\"EntryPoint\",\"urlTemplate\":\"https:\/\/www.genverde.it\/pt\/?s={search_term_string}\"},\"query-input\":\"required name=search_term_string\"}],\"inLanguage\":\"pt\"},{\"@type\":\"Organization\",\"@id\":\"https:\/\/www.genverde.it\/pt\/#organization\",\"name\":\"Gen Verde\",\"url\":\"https:\/\/www.genverde.it\/pt\/\",\"logo\":{\"@type\":\"ImageObject\",\"inLanguage\":\"pt\",\"@id\":\"https:\/\/www.genverde.it\/pt\/#\/schema\/logo\/image\/\",\"url\":\"https:\/\/www.genverde.it\/wp-content\/uploads\/2021\/05\/logo-gen-verde-black.png\",\"contentUrl\":\"https:\/\/www.genverde.it\/wp-content\/uploads\/2021\/05\/logo-gen-verde-black.png\",\"width\":646,\"height\":392,\"caption\":\"Gen Verde\"},\"image\":{\"@id\":\"https:\/\/www.genverde.it\/pt\/#\/schema\/logo\/image\/\"}}]}<\/script>\n<!-- \/ Yoast SEO plugin. -->","yoast_head_json":{"title":"Turn Around letra - Genverde","description":"Descobre a letra da can\u00e7\u00e3o Turn Around do Gen Verde. Explore todos os \u00e1lbuns do grupo internacional no site oficial.","robots":{"index":"index","follow":"follow","max-snippet":"max-snippet:-1","max-image-preview":"max-image-preview:large","max-video-preview":"max-video-preview:-1"},"canonical":"https:\/\/www.genverde.it\/pt\/track\/turn-around\/","og_locale":"pt_PT","og_type":"article","og_title":"Turn Around letra - Genverde","og_description":"Descobre a letra da can\u00e7\u00e3o Turn Around do Gen Verde. Explore todos os \u00e1lbuns do grupo internacional no site oficial.","og_url":"https:\/\/www.genverde.it\/track\/turn-around\/","og_site_name":"Gen Verde","article_modified_time":"2025-08-05T11:38:40+00:00","og_image":[{"width":2560,"height":2560,"url":"https:\/\/www.genverde.it\/wp-content\/uploads\/2023\/09\/2023_Gen_Verde_U.S._Tour2023-scaled.jpg","type":"image\/jpeg"}],"twitter_card":"summary_large_image","twitter_misc":{"Est. reading time":"3 minutes"},"schema":{"@context":"https:\/\/schema.org","@graph":[{"@type":"WebPage","@id":"https:\/\/www.genverde.it\/pt\/track\/turn-around-2\/","url":"https:\/\/www.genverde.it\/track\/turn-around\/","name":"Turn Around letra - Genverde","isPartOf":{"@id":"https:\/\/www.genverde.it\/pt\/#website"},"datePublished":"2023-09-15T17:30:37+00:00","dateModified":"2025-08-05T11:38:40+00:00","description":"Descobre a letra da can\u00e7\u00e3o Turn Around do Gen Verde. Explore todos os \u00e1lbuns do grupo internacional no site oficial.","breadcrumb":{"@id":"https:\/\/www.genverde.it\/track\/turn-around\/#breadcrumb"},"inLanguage":"pt","potentialAction":[{"@type":"ReadAction","target":["https:\/\/www.genverde.it\/track\/turn-around\/"]}]},{"@type":"BreadcrumbList","@id":"https:\/\/www.genverde.it\/track\/turn-around\/#breadcrumb","itemListElement":[{"@type":"ListItem","position":1,"name":"Home","item":"https:\/\/www.genverde.it\/pt\/"},{"@type":"ListItem","position":2,"name":"Turn Around"}]},{"@type":"WebSite","@id":"https:\/\/www.genverde.it\/pt\/#website","url":"https:\/\/www.genverde.it\/pt\/","name":"Gen Verde","description":"","publisher":{"@id":"https:\/\/www.genverde.it\/pt\/#organization"},"potentialAction":[{"@type":"SearchAction","target":{"@type":"EntryPoint","urlTemplate":"https:\/\/www.genverde.it\/pt\/?s={search_term_string}"},"query-input":"required name=search_term_string"}],"inLanguage":"pt"},{"@type":"Organization","@id":"https:\/\/www.genverde.it\/pt\/#organization","name":"Gen Verde","url":"https:\/\/www.genverde.it\/pt\/","logo":{"@type":"ImageObject","inLanguage":"pt","@id":"https:\/\/www.genverde.it\/pt\/#\/schema\/logo\/image\/","url":"https:\/\/www.genverde.it\/wp-content\/uploads\/2021\/05\/logo-gen-verde-black.png","contentUrl":"https:\/\/www.genverde.it\/wp-content\/uploads\/2021\/05\/logo-gen-verde-black.png","width":646,"height":392,"caption":"Gen Verde"},"image":{"@id":"https:\/\/www.genverde.it\/pt\/#\/schema\/logo\/image\/"}}]}},"_links":{"self":[{"href":"https:\/\/www.genverde.it\/pt\/wp-json\/wp\/v2\/track\/31717"}],"collection":[{"href":"https:\/\/www.genverde.it\/pt\/wp-json\/wp\/v2\/track"}],"about":[{"href":"https:\/\/www.genverde.it\/pt\/wp-json\/wp\/v2\/types\/track"}],"wp:featuredmedia":[{"embeddable":true,"href":"https:\/\/www.genverde.it\/pt\/wp-json\/wp\/v2\/media\/31211"}],"wp:attachment":[{"href":"https:\/\/www.genverde.it\/pt\/wp-json\/wp\/v2\/media?parent=31717"}],"wp:term":[{"taxonomy":"category_tracks","embeddable":true,"href":"https:\/\/www.genverde.it\/pt\/wp-json\/wp\/v2\/category_tracks?post=31717"}],"curies":[{"name":"wp","href":"https:\/\/api.w.org\/{rel}","templated":true}]}}