{"id":5313,"date":"2021-05-14T10:04:15","date_gmt":"2021-05-14T08:04:15","guid":{"rendered":"https:\/\/www.genverde.it\/track\/chiamati-per-nome\/"},"modified":"2026-04-22T15:15:19","modified_gmt":"2026-04-22T13:15:19","slug":"chiamati-per-nome","status":"publish","type":"track","link":"https:\/\/www.genverde.it\/pt\/track\/chiamati-per-nome\/","title":{"rendered":"Chiamati per nome"},"content":{"rendered":"\n<div class=\"is-layout-flex wp-container-4 wp-block-columns\">\n<div class=\"is-layout-flow wp-block-column\" style=\"flex-basis:66.66%\">\n<div class=\"is-nowrap is-layout-flex wp-container-1 wp-block-group\">\n<div style=\"position:relative; width:100%; padding-bottom:56.25%; height:0; overflow:hidden;\">\n<iframe src=\"https:\/\/www.youtube-nocookie.com\/embed\/EUG6KnGxpcc?si=SXggP3qEjvIl5bap\" title=\"Gen Verde - Chiamati per nome (Official Lyric Video) | Tutto parla di te (Preghiera in musica)\" style=\"position:absolute; top:0; left:0; width:100%; height:100%;\" frameborder=\"0\" allow=\"accelerometer; autoplay; clipboard-write; encrypted-media; gyroscope; picture-in-picture; web-share\" allowfullscreen=\"\" loading=\"lazy\"><![CDATA[<![CDATA[ ]]]]><![CDATA[>]]><\/iframe>\n<\/div>\n<\/div>\n\n\n\n<p><\/p>\n\n\n\n<p><em><strong>Chiamati per nome<\/strong> tamb\u00e9m \u00e9 conhecido como Veniamo da Te. \u00c9 adequado como um hino de entrada, especialmente para as celebra\u00e7\u00f5es da P\u00e1scoa ou no Tempo Comum. <\/em><\/p>\n\n\n\n<p><\/p>\n\n\n\n<h2 style=\"font-size:30px;letter-spacing:0px\">Letra &#8211; Chiamati per nome<\/h2>\n\n\n\n<p><strong>Veniamo da te,<br\/>chiamati per nome.<br\/>Che festa, Signore, tu cammini con noi.<br\/>Ci parli di te,<br\/>per noi spezzi il pane,<br\/>ti riconosciamo e il cuore arde: sei Tu!<br\/>E noi tuo popolo<br\/>siamo qui.<\/strong><\/p>\n\n\n\n<p>Siamo come terra ed argilla<br\/>e la tua Parola ci plasmer\u00e0,<br\/>brace pronta per la scintilla<br\/>e il tuo Spirito soffier\u00e0,<br\/>c\u2019infiammer\u00e0.<\/p>\n\n\n\n<p><strong>Veniamo da te, chiamati per nome\u2026<\/strong><\/p>\n\n\n\n<p>Siamo come semi nel solco,<br\/>come vigna che il suo frutto dar\u00e0,<br\/>grano del Signore risorto,<br\/>la tua messe che fiorir\u00e0<br\/>d&#8217;eternit\u00e0.<\/p>\n\n\n\n<p><strong>Veniamo da te, chiamati per nome\u2026<\/strong><br\/>E noi tuo popolo<br\/>siamo qui.<\/p>\n\n\n\n<p>Siamo qui.<\/p>\n\n\n\n<hr class=\"wp-block-separator has-alpha-channel-opacity is-style-wide\"\/>\n\n\n\n<p>Ou\u00e7a e leia as letras de outras <strong>m\u00fasicas semelhantes a Chiamati per nome: <\/strong><em><a href=\"https:\/\/www.genverde.it\/pt\/track\/giorno-di-concordia\/\">Giorno di concordia<\/a>, <a href=\"https:\/\/www.genverde.it\/pt\/track\/vieni-qui-tra-noi\/\">Vieni qui tra noi<\/a>.<\/em><\/p>\n<\/div>\n\n\n\n<div class=\"is-layout-flow wp-block-column\" style=\"flex-basis:33.33%\">\n<h3>Chiamati per nome<\/h3>\n\n\n\n<figure class=\"wp-block-image size-large\"><img decoding=\"async\" width=\"344\" height=\"344\" src=\"https:\/\/www.genverde.it\/wp-content\/uploads\/2021\/05\/2021_1-Chiamati-per-nome.jpg\" alt=\"\" class=\"wp-image-363\" srcset=\"https:\/\/www.genverde.it\/wp-content\/uploads\/2021\/05\/2021_1-Chiamati-per-nome.jpg 344w, https:\/\/www.genverde.it\/wp-content\/uploads\/2021\/05\/2021_1-Chiamati-per-nome-300x300.jpg 300w, https:\/\/www.genverde.it\/wp-content\/uploads\/2021\/05\/2021_1-Chiamati-per-nome-150x150.jpg 150w\" sizes=\"(max-width: 344px) 100vw, 344px\" \/><\/figure>\n\n\n\n<p>2021<\/p>\n\n\n\n<p>M\u00fasica: Nancy L. Uelmen<br\/>Letra: Sarah G. McAllister<br\/>\u00a9 Copyright Gen Verde della P.A.F.O.M.<br\/>All rights reserved<br\/>www.genverde.it<\/p>\n\n\n<div class=\"streaming-download-link noprint\"><div class=\"streaming-container\"><div class=\"streaming-links-container\"><a class=\"link-apple-music\" href=\"https:\/\/music.apple.com\/at\/album\/chiamati-per-nome\/1653603286?i=1653603526\" target = \"_blank\"><span class=\"icons icon-apple\"><\/span><\/a><a class=\"link-spotify\" href=\"https:\/\/open.spotify.com\/track\/0D1DuwOrEpQbF44B1Pb6Uj?si=704b2788e1804506\" target = \"_blank\"><span class=\"icons icon-spotify\"><\/span><\/a><a class=\"link-amazon-music\" href=\"https:\/\/music.amazon.fr\/albums\/B0BLYRKPYW?marketplaceId=A13V1IB3VIYZZH&musicTerritory=FR&ref=dm_sh_Z3EQRtjuDKx3QxUbFjjloKc0M&trackAsin=B0BLYVDLL5\" target = \"_blank\"><span class=\"icons icon-amazon\"><\/span><\/a><div class=\"youtube-container\"><a class=\"link-youtube\" href=\"https:\/\/www.youtube.com\/watch?v=EUG6KnGxpcc\" target = \"_blank\"><span class=\"icons icon-youtube\"><\/span> V\u00cdDEO<\/a><\/div><\/div> <\/div><div class=\"download-container\"><h2 style=\"font-size:23px; letter-spacing:0px;\" class=\"download-title\">DOWNLOAD<\/h2><div class=\"single-download\"><a href =\"https:\/\/www.genverde.it\/wp-content\/uploads\/2021\/05\/Chiamati-per-nome-Official-Lead-Sheet.pdf\" target=\"_blank\"><span class=\"icons icon-download\"><\/span> Partitura Chiamati per nome<\/a><\/div><div class=\"single-download\"><a href =\"https:\/\/www.genverde.it\/wp-content\/uploads\/2025\/06\/Disseste-meu-nome-Official-Lyrics.pdf\" target=\"_blank\"><span class=\"icons icon-download\"><\/span> Letra Disseste meu nome<\/a><\/div><\/div><a class=\"print-track noprint\" href=\"javascript:if(window.print)window.print()\"><span class=\"icons icon-print\"><\/span><\/a><\/div>\n<\/div>\n<\/div>\n\n<p><\/p>\n","protected":false},"featured_media":5315,"menu_order":1,"template":"","meta":[],"category_tracks":[367,324],"blocksy_meta":{"styles_descriptor":{"styles":{"desktop":"","tablet":"","mobile":""},"google_fonts":[]}},"featured_image_urls":{"full":["https:\/\/www.genverde.it\/wp-content\/uploads\/2021\/05\/2021_1-Chiamati-per-nome.jpg",344,344,false],"thumbnail":["https:\/\/www.genverde.it\/wp-content\/uploads\/2021\/05\/2021_1-Chiamati-per-nome-150x150.jpg",150,150,true],"medium":["https:\/\/www.genverde.it\/wp-content\/uploads\/2021\/05\/2021_1-Chiamati-per-nome-300x300.jpg",300,300,true],"medium_large":["https:\/\/www.genverde.it\/wp-content\/uploads\/2021\/05\/2021_1-Chiamati-per-nome.jpg",344,344,false],"large":["https:\/\/www.genverde.it\/wp-content\/uploads\/2021\/05\/2021_1-Chiamati-per-nome.jpg",344,344,false],"1536x1536":["https:\/\/www.genverde.it\/wp-content\/uploads\/2021\/05\/2021_1-Chiamati-per-nome.jpg",344,344,false],"2048x2048":["https:\/\/www.genverde.it\/wp-content\/uploads\/2021\/05\/2021_1-Chiamati-per-nome.jpg",344,344,false]},"post_excerpt_stackable":"<p>]]> Chiamati per nome tamb\u00e9m \u00e9 conhecido como Veniamo da Te. \u00c9 adequado como um hino de entrada, especialmente para as celebra\u00e7\u00f5es da P\u00e1scoa ou no Tempo Comum. Letra &#8211; Chiamati per nome Veniamo da te,chiamati per nome.Che festa, Signore, tu cammini con noi.Ci parli di te,per noi spezzi il pane,ti riconosciamo e il cuore arde: sei Tu!E noi tuo popolosiamo qui. Siamo come terra ed argillae la tua Parola ci plasmer\u00e0,brace pronta per la scintillae il tuo Spirito soffier\u00e0,c\u2019infiammer\u00e0. Veniamo da te, chiamati per nome\u2026 Siamo come semi nel solco,come vigna che il suo frutto dar\u00e0,grano del Signore risorto,la&hellip;<\/p>\n","category_list":"","author_info":{"name":"","url":""},"comments_num":"0 comments","yoast_head":"<!-- This site is optimized with the Yoast SEO plugin v20.10 - https:\/\/yoast.com\/wordpress\/plugins\/seo\/ -->\n<title>Chiamati per nome do \u00e1lbum Chiamati per nome - Gen Verde<\/title>\n<meta name=\"description\" content=\"Descubra a letra da can\u00e7\u00e3o Chiamati per nome do Gen Verde. Explore todos os \u00e1lbuns do grupo internacional no site oficial.\" \/>\n<meta name=\"robots\" content=\"index, follow, max-snippet:-1, max-image-preview:large, max-video-preview:-1\" \/>\n<link rel=\"canonical\" href=\"https:\/\/www.genverde.it\/pt\/wp-json\/wp\/v2\/track\/5313\/\" \/>\n<meta property=\"og:locale\" content=\"pt_PT\" \/>\n<meta property=\"og:type\" content=\"article\" \/>\n<meta property=\"og:title\" content=\"Chiamati per nome do \u00e1lbum Chiamati per nome - Gen Verde\" \/>\n<meta property=\"og:description\" content=\"Descubra a letra da can\u00e7\u00e3o Chiamati per nome do Gen Verde. Explore todos os \u00e1lbuns do grupo internacional no site oficial.\" \/>\n<meta property=\"og:url\" content=\"https:\/\/www.genverde.it\/pt\/track\/chiamati-per-nome\/\" \/>\n<meta property=\"og:site_name\" content=\"Gen Verde\" \/>\n<meta property=\"article:modified_time\" content=\"2026-04-22T13:15:19+00:00\" \/>\n<meta property=\"og:image\" content=\"https:\/\/www.genverde.it\/wp-content\/uploads\/2021\/05\/2021_1-Chiamati-per-nome.jpg\" \/>\n\t<meta property=\"og:image:width\" content=\"344\" \/>\n\t<meta property=\"og:image:height\" content=\"344\" \/>\n\t<meta property=\"og:image:type\" content=\"image\/jpeg\" \/>\n<meta name=\"twitter:card\" content=\"summary_large_image\" \/>\n<meta name=\"twitter:label1\" content=\"Est. reading time\" \/>\n\t<meta name=\"twitter:data1\" content=\"1 minute\" \/>\n<script type=\"application\/ld+json\" class=\"yoast-schema-graph\">{\"@context\":\"https:\/\/schema.org\",\"@graph\":[{\"@type\":\"WebPage\",\"@id\":\"https:\/\/www.genverde.it\/pt\/track\/chiamati-per-nome\/\",\"url\":\"https:\/\/www.genverde.it\/pt\/track\/chiamati-per-nome\/\",\"name\":\"Chiamati per nome do \u00e1lbum Chiamati per nome - Gen Verde\",\"isPartOf\":{\"@id\":\"https:\/\/www.genverde.it\/pt\/#website\"},\"datePublished\":\"2021-05-14T08:04:15+00:00\",\"dateModified\":\"2026-04-22T13:15:19+00:00\",\"description\":\"Descubra a letra da can\u00e7\u00e3o Chiamati per nome do Gen Verde. Explore todos os \u00e1lbuns do grupo internacional no site oficial.\",\"breadcrumb\":{\"@id\":\"https:\/\/www.genverde.it\/pt\/track\/chiamati-per-nome\/#breadcrumb\"},\"inLanguage\":\"pt\",\"potentialAction\":[{\"@type\":\"ReadAction\",\"target\":[\"https:\/\/www.genverde.it\/pt\/track\/chiamati-per-nome\/\"]}]},{\"@type\":\"BreadcrumbList\",\"@id\":\"https:\/\/www.genverde.it\/pt\/track\/chiamati-per-nome\/#breadcrumb\",\"itemListElement\":[{\"@type\":\"ListItem\",\"position\":1,\"name\":\"Home\",\"item\":\"https:\/\/www.genverde.it\/pt\/\"},{\"@type\":\"ListItem\",\"position\":2,\"name\":\"Chiamati per nome\"}]},{\"@type\":\"WebSite\",\"@id\":\"https:\/\/www.genverde.it\/pt\/#website\",\"url\":\"https:\/\/www.genverde.it\/pt\/\",\"name\":\"Gen Verde\",\"description\":\"\",\"publisher\":{\"@id\":\"https:\/\/www.genverde.it\/pt\/#organization\"},\"potentialAction\":[{\"@type\":\"SearchAction\",\"target\":{\"@type\":\"EntryPoint\",\"urlTemplate\":\"https:\/\/www.genverde.it\/pt\/?s={search_term_string}\"},\"query-input\":\"required name=search_term_string\"}],\"inLanguage\":\"pt\"},{\"@type\":\"Organization\",\"@id\":\"https:\/\/www.genverde.it\/pt\/#organization\",\"name\":\"Gen Verde\",\"url\":\"https:\/\/www.genverde.it\/pt\/\",\"logo\":{\"@type\":\"ImageObject\",\"inLanguage\":\"pt\",\"@id\":\"https:\/\/www.genverde.it\/pt\/#\/schema\/logo\/image\/\",\"url\":\"https:\/\/www.genverde.it\/wp-content\/uploads\/2021\/05\/logo-gen-verde-black.png\",\"contentUrl\":\"https:\/\/www.genverde.it\/wp-content\/uploads\/2021\/05\/logo-gen-verde-black.png\",\"width\":646,\"height\":392,\"caption\":\"Gen Verde\"},\"image\":{\"@id\":\"https:\/\/www.genverde.it\/pt\/#\/schema\/logo\/image\/\"}}]}<\/script>\n<!-- \/ Yoast SEO plugin. -->","yoast_head_json":{"title":"Chiamati per nome do \u00e1lbum Chiamati per nome - Gen Verde","description":"Descubra a letra da can\u00e7\u00e3o Chiamati per nome do Gen Verde. Explore todos os \u00e1lbuns do grupo internacional no site oficial.","robots":{"index":"index","follow":"follow","max-snippet":"max-snippet:-1","max-image-preview":"max-image-preview:large","max-video-preview":"max-video-preview:-1"},"canonical":"https:\/\/www.genverde.it\/pt\/wp-json\/wp\/v2\/track\/5313\/","og_locale":"pt_PT","og_type":"article","og_title":"Chiamati per nome do \u00e1lbum Chiamati per nome - Gen Verde","og_description":"Descubra a letra da can\u00e7\u00e3o Chiamati per nome do Gen Verde. Explore todos os \u00e1lbuns do grupo internacional no site oficial.","og_url":"https:\/\/www.genverde.it\/pt\/track\/chiamati-per-nome\/","og_site_name":"Gen Verde","article_modified_time":"2026-04-22T13:15:19+00:00","og_image":[{"width":344,"height":344,"url":"https:\/\/www.genverde.it\/wp-content\/uploads\/2021\/05\/2021_1-Chiamati-per-nome.jpg","type":"image\/jpeg"}],"twitter_card":"summary_large_image","twitter_misc":{"Est. reading time":"1 minute"},"schema":{"@context":"https:\/\/schema.org","@graph":[{"@type":"WebPage","@id":"https:\/\/www.genverde.it\/pt\/track\/chiamati-per-nome\/","url":"https:\/\/www.genverde.it\/pt\/track\/chiamati-per-nome\/","name":"Chiamati per nome do \u00e1lbum Chiamati per nome - Gen Verde","isPartOf":{"@id":"https:\/\/www.genverde.it\/pt\/#website"},"datePublished":"2021-05-14T08:04:15+00:00","dateModified":"2026-04-22T13:15:19+00:00","description":"Descubra a letra da can\u00e7\u00e3o Chiamati per nome do Gen Verde. Explore todos os \u00e1lbuns do grupo internacional no site oficial.","breadcrumb":{"@id":"https:\/\/www.genverde.it\/pt\/track\/chiamati-per-nome\/#breadcrumb"},"inLanguage":"pt","potentialAction":[{"@type":"ReadAction","target":["https:\/\/www.genverde.it\/pt\/track\/chiamati-per-nome\/"]}]},{"@type":"BreadcrumbList","@id":"https:\/\/www.genverde.it\/pt\/track\/chiamati-per-nome\/#breadcrumb","itemListElement":[{"@type":"ListItem","position":1,"name":"Home","item":"https:\/\/www.genverde.it\/pt\/"},{"@type":"ListItem","position":2,"name":"Chiamati per nome"}]},{"@type":"WebSite","@id":"https:\/\/www.genverde.it\/pt\/#website","url":"https:\/\/www.genverde.it\/pt\/","name":"Gen Verde","description":"","publisher":{"@id":"https:\/\/www.genverde.it\/pt\/#organization"},"potentialAction":[{"@type":"SearchAction","target":{"@type":"EntryPoint","urlTemplate":"https:\/\/www.genverde.it\/pt\/?s={search_term_string}"},"query-input":"required name=search_term_string"}],"inLanguage":"pt"},{"@type":"Organization","@id":"https:\/\/www.genverde.it\/pt\/#organization","name":"Gen Verde","url":"https:\/\/www.genverde.it\/pt\/","logo":{"@type":"ImageObject","inLanguage":"pt","@id":"https:\/\/www.genverde.it\/pt\/#\/schema\/logo\/image\/","url":"https:\/\/www.genverde.it\/wp-content\/uploads\/2021\/05\/logo-gen-verde-black.png","contentUrl":"https:\/\/www.genverde.it\/wp-content\/uploads\/2021\/05\/logo-gen-verde-black.png","width":646,"height":392,"caption":"Gen Verde"},"image":{"@id":"https:\/\/www.genverde.it\/pt\/#\/schema\/logo\/image\/"}}]}},"_links":{"self":[{"href":"https:\/\/www.genverde.it\/pt\/wp-json\/wp\/v2\/track\/5313"}],"collection":[{"href":"https:\/\/www.genverde.it\/pt\/wp-json\/wp\/v2\/track"}],"about":[{"href":"https:\/\/www.genverde.it\/pt\/wp-json\/wp\/v2\/types\/track"}],"wp:featuredmedia":[{"embeddable":true,"href":"https:\/\/www.genverde.it\/pt\/wp-json\/wp\/v2\/media\/5315"}],"wp:attachment":[{"href":"https:\/\/www.genverde.it\/pt\/wp-json\/wp\/v2\/media?parent=5313"}],"wp:term":[{"taxonomy":"category_tracks","embeddable":true,"href":"https:\/\/www.genverde.it\/pt\/wp-json\/wp\/v2\/category_tracks?post=5313"}],"curies":[{"name":"wp","href":"https:\/\/api.w.org\/{rel}","templated":true}]}}