{"id":6096,"date":"2006-05-31T12:55:05","date_gmt":"2006-05-31T10:55:05","guid":{"rendered":"https:\/\/www.genverde.it\/track\/giorno-di-concordia\/"},"modified":"2026-03-13T11:38:13","modified_gmt":"2026-03-13T10:38:13","slug":"giorno-di-concordia","status":"publish","type":"track","link":"https:\/\/www.genverde.it\/pt\/track\/giorno-di-concordia\/","title":{"rendered":"Giorno di concordia"},"content":{"rendered":"\n<div class=\"is-layout-flex wp-container-3 wp-block-columns\">\n<div class=\"is-layout-flow wp-block-column\" style=\"flex-basis:66.66%\">\n<p><em><strong>Giorno di concordia<\/strong> \u00e9 uma m\u00fasica de entrada que pode ser usada em celebra\u00e7\u00f5es lit\u00fargicas do Tempo Comum.<\/em><\/p>\n\n\n\n<h2 style=\"font-size:30px;letter-spacing:0px\">Letra Giorno di concordia<\/h2>\n\n\n\n<p>Noi veniamo a te da lontane valli<br\/>Ora che hai disperso la notte per noi<br\/>E siamo qui su verdi colli<br\/>La stella tua ci guida a te<br\/>Dov\u2019\u00e8 mai il lungo inverno?<br\/>E dov\u2019\u00e8 mai l\u2019oscurit\u00e0?<br\/>La luce tua accende il giorno<br\/>Tu sei Luce nella via per noi<\/p>\n\n\n\n<p>Ora \u00e8 la tua via che ci sta davanti<br\/>E gi\u00e0 la tua casa \u00e8 aperta per noi<br\/>L\u00e0 dove sei in mezzo ai santi<br\/>L\u2019amore tuo ci accoglier\u00e0<br\/>Siamo ormai alle tue porte<br\/>Un passo e poi ci abbraccerai<br\/>Nulla sar\u00e0 mai cos\u00ec grande<br\/>Che trovarci tutti uniti in te<\/p>\n\n\n\n<p>Questo \u00e8 il giorno santo fra tutti i giorni<br\/>Giorno di concordia e di libert\u00e0<br\/>Dal mondo tu ci hai raccolti<br\/>Per darci la tua carit\u00e0<\/p>\n\n\n\n<p>Siamo intorno a te fra sorrisi e canti<br\/>Fatti un cuore solo con la carit\u00e0<br\/>Non siamo pi\u00f9 fra noi distanti<br\/>Ma un corpo che ha vita in te<br\/>Fai, o Dio che sei nei cieli<br\/>Che il cielo sia in mezzo a noi<br\/>E per le vie dell\u2019universo<br\/>Noi saremo un grazie eterno a te<\/p>\n\n\n\n<p>Questo \u00e8 il giorno santo fra tutti i giorni<br\/>Giorno di concordia e di libert\u00e0<br\/>Dal mondo tu ci hai raccolti<br\/>Per darci la tua carit\u00e0<br\/>Fai, o Dio che sei nei cieli<br\/>Che il cielo sia in mezzo a noi<br\/>E per le vie dell\u2019universo<br\/>Noi saremo un grazie eterno a te<\/p>\n\n\n\n<hr class=\"wp-block-separator has-alpha-channel-opacity is-style-wide\"\/>\n\n\n\n<p>Ou\u00e7a e leia as letras de outras <strong>m\u00fasicas semelhantes a Giorno di concordia:<\/strong> <em><a href=\"https:\/\/www.genverde.it\/pt\/track\/chiamati-per-nome\/\" target=\"_blank\" rel=\"noreferrer noopener\">Chiamati per nome<\/a>, <a href=\"https:\/\/www.genverde.it\/pt\/track\/bello-lodarti\/\" target=\"_blank\" rel=\"noreferrer noopener\">E&#8217; bello lodarti.<\/a><\/em><\/p>\n<\/div>\n\n\n\n<div class=\"is-layout-flow wp-block-column\" style=\"flex-basis:33.33%\">\n<h3><strong>Messa della Concordia <\/strong><\/h3>\n\n\n\n<figure class=\"wp-block-image size-large\"><img decoding=\"async\" width=\"344\" height=\"332\" src=\"https:\/\/www.genverde.it\/wp-content\/uploads\/2021\/05\/2006_33-Messa-della-concordia.jpg\" alt=\"\" class=\"wp-image-963\" srcset=\"https:\/\/www.genverde.it\/wp-content\/uploads\/2021\/05\/2006_33-Messa-della-concordia.jpg 344w, https:\/\/www.genverde.it\/wp-content\/uploads\/2021\/05\/2006_33-Messa-della-concordia-300x290.jpg 300w\" sizes=\"(max-width: 344px) 100vw, 344px\" \/><\/figure>\n\n\n\n<p>2006<\/p>\n\n\n\n<p>Letra: Valerio Cipr\u00ec<br\/>M\u00fasica: M. Th\u00e9r\u00e8se Henderson, Jocelyn K. Belamide<br\/>\u00a9 Copyright Gen Verde della P.A.F.O.M.<br\/>All rights reserved<br\/>www.genverde.it<\/p>\n\n\n\n<p><\/p>\n\n\n<div class=\"streaming-download-link noprint\"><div class=\"streaming-container\"><div class=\"streaming-links-container\"><a class=\"link-apple-music\" href=\"https:\/\/music.apple.com\/it\/album\/giorno-di-concordia\/1653499541?i=1653500045&l=en-GB\" target = \"_blank\"><span class=\"icons icon-apple\"><\/span><\/a><a class=\"link-spotify\" href=\"https:\/\/open.spotify.com\/intl-it\/track\/7GOBQYr4ymyKZeVdx1LZt0?si=64bf848d12ec4713\" target = \"_blank\"><span class=\"icons icon-spotify\"><\/span><\/a><a class=\"link-amazon-music\" href=\"https:\/\/music.amazon.it\/tracks\/B0BLXMDGLN?marketplaceId=APJ6JRA9NG5V4&musicTerritory=IT&ref=dm_sh_nIxV5l5KVx87AfHLngC0RodbA\" target = \"_blank\"><span class=\"icons icon-amazon\"><\/span><\/a><\/div> <\/div><\/div><a class=\"print-track noprint\" href=\"javascript:if(window.print)window.print()\"><span class=\"icons icon-print\"><\/span><\/a><\/div>\n<\/div>\n<\/div>\n<p><!-- \/wp:columns --><\/p>\n","protected":false},"featured_media":5901,"menu_order":1,"template":"","meta":[],"category_tracks":[367,324],"blocksy_meta":{"styles_descriptor":{"styles":{"desktop":"","tablet":"","mobile":""},"google_fonts":[]}},"featured_image_urls":{"full":["https:\/\/www.genverde.it\/wp-content\/uploads\/2021\/05\/2006_33-Messa-della-concordia.jpg",344,332,false],"thumbnail":["https:\/\/www.genverde.it\/wp-content\/uploads\/2021\/05\/2006_33-Messa-della-concordia-150x150.jpg",150,150,true],"medium":["https:\/\/www.genverde.it\/wp-content\/uploads\/2021\/05\/2006_33-Messa-della-concordia-300x290.jpg",300,290,true],"medium_large":["https:\/\/www.genverde.it\/wp-content\/uploads\/2021\/05\/2006_33-Messa-della-concordia.jpg",344,332,false],"large":["https:\/\/www.genverde.it\/wp-content\/uploads\/2021\/05\/2006_33-Messa-della-concordia.jpg",344,332,false],"1536x1536":["https:\/\/www.genverde.it\/wp-content\/uploads\/2021\/05\/2006_33-Messa-della-concordia.jpg",344,332,false],"2048x2048":["https:\/\/www.genverde.it\/wp-content\/uploads\/2021\/05\/2006_33-Messa-della-concordia.jpg",344,332,false]},"post_excerpt_stackable":"<p>Giorno di concordia \u00e9 uma m\u00fasica de entrada que pode ser usada em celebra\u00e7\u00f5es lit\u00fargicas do Tempo Comum. Letra Giorno di concordia Noi veniamo a te da lontane valliOra che hai disperso la notte per noiE siamo qui su verdi colliLa stella tua ci guida a teDov\u2019\u00e8 mai il lungo inverno?E dov\u2019\u00e8 mai l\u2019oscurit\u00e0?La luce tua accende il giornoTu sei Luce nella via per noi Ora \u00e8 la tua via che ci sta davantiE gi\u00e0 la tua casa \u00e8 aperta per noiL\u00e0 dove sei in mezzo ai santiL\u2019amore tuo ci accoglier\u00e0Siamo ormai alle tue porteUn passo e poi ci abbracceraiNulla&hellip;<\/p>\n","category_list":"","author_info":{"name":"","url":""},"comments_num":"0 comments","yoast_head":"<!-- This site is optimized with the Yoast SEO plugin v20.10 - https:\/\/yoast.com\/wordpress\/plugins\/seo\/ -->\n<title>Giorno di concordia testo - Genverde<\/title>\n<meta name=\"description\" content=\"Descobre a letra da can\u00e7\u00e3o Giorno di concordia do Gen Verde. Explore todos os \u00e1lbuns do grupo no site oficial.\" \/>\n<meta name=\"robots\" content=\"index, follow, max-snippet:-1, max-image-preview:large, max-video-preview:-1\" \/>\n<link rel=\"canonical\" href=\"https:\/\/www.genverde.it\/pt\/wp-json\/wp\/v2\/track\/6096\/\" \/>\n<meta property=\"og:locale\" content=\"pt_PT\" \/>\n<meta property=\"og:type\" content=\"article\" \/>\n<meta property=\"og:title\" content=\"Giorno di concordia testo - Genverde\" \/>\n<meta property=\"og:description\" content=\"Descobre a letra da can\u00e7\u00e3o Giorno di concordia do Gen Verde. Explore todos os \u00e1lbuns do grupo no site oficial.\" \/>\n<meta property=\"og:url\" content=\"https:\/\/www.genverde.it\/pt\/track\/giorno-di-concordia\/\" \/>\n<meta property=\"og:site_name\" content=\"Gen Verde\" \/>\n<meta property=\"article:modified_time\" content=\"2026-03-13T10:38:13+00:00\" \/>\n<meta property=\"og:image\" content=\"https:\/\/www.genverde.it\/wp-content\/uploads\/2021\/05\/2006_33-Messa-della-concordia.jpg\" \/>\n\t<meta property=\"og:image:width\" content=\"344\" \/>\n\t<meta property=\"og:image:height\" content=\"332\" \/>\n\t<meta property=\"og:image:type\" content=\"image\/jpeg\" \/>\n<meta name=\"twitter:card\" content=\"summary_large_image\" \/>\n<meta name=\"twitter:label1\" content=\"Est. reading time\" \/>\n\t<meta name=\"twitter:data1\" content=\"2 minutes\" \/>\n<script type=\"application\/ld+json\" class=\"yoast-schema-graph\">{\"@context\":\"https:\/\/schema.org\",\"@graph\":[{\"@type\":\"WebPage\",\"@id\":\"https:\/\/www.genverde.it\/pt\/track\/giorno-di-concordia\/\",\"url\":\"https:\/\/www.genverde.it\/pt\/track\/giorno-di-concordia\/\",\"name\":\"Giorno di concordia testo - Genverde\",\"isPartOf\":{\"@id\":\"https:\/\/www.genverde.it\/pt\/#website\"},\"datePublished\":\"2006-05-31T10:55:05+00:00\",\"dateModified\":\"2026-03-13T10:38:13+00:00\",\"description\":\"Descobre a letra da can\u00e7\u00e3o Giorno di concordia do Gen Verde. Explore todos os \u00e1lbuns do grupo no site oficial.\",\"breadcrumb\":{\"@id\":\"https:\/\/www.genverde.it\/pt\/track\/giorno-di-concordia\/#breadcrumb\"},\"inLanguage\":\"pt\",\"potentialAction\":[{\"@type\":\"ReadAction\",\"target\":[\"https:\/\/www.genverde.it\/pt\/track\/giorno-di-concordia\/\"]}]},{\"@type\":\"BreadcrumbList\",\"@id\":\"https:\/\/www.genverde.it\/pt\/track\/giorno-di-concordia\/#breadcrumb\",\"itemListElement\":[{\"@type\":\"ListItem\",\"position\":1,\"name\":\"Home\",\"item\":\"https:\/\/www.genverde.it\/pt\/\"},{\"@type\":\"ListItem\",\"position\":2,\"name\":\"Giorno di concordia\"}]},{\"@type\":\"WebSite\",\"@id\":\"https:\/\/www.genverde.it\/pt\/#website\",\"url\":\"https:\/\/www.genverde.it\/pt\/\",\"name\":\"Gen Verde\",\"description\":\"\",\"publisher\":{\"@id\":\"https:\/\/www.genverde.it\/pt\/#organization\"},\"potentialAction\":[{\"@type\":\"SearchAction\",\"target\":{\"@type\":\"EntryPoint\",\"urlTemplate\":\"https:\/\/www.genverde.it\/pt\/?s={search_term_string}\"},\"query-input\":\"required name=search_term_string\"}],\"inLanguage\":\"pt\"},{\"@type\":\"Organization\",\"@id\":\"https:\/\/www.genverde.it\/pt\/#organization\",\"name\":\"Gen Verde\",\"url\":\"https:\/\/www.genverde.it\/pt\/\",\"logo\":{\"@type\":\"ImageObject\",\"inLanguage\":\"pt\",\"@id\":\"https:\/\/www.genverde.it\/pt\/#\/schema\/logo\/image\/\",\"url\":\"https:\/\/www.genverde.it\/wp-content\/uploads\/2021\/05\/logo-gen-verde-black.png\",\"contentUrl\":\"https:\/\/www.genverde.it\/wp-content\/uploads\/2021\/05\/logo-gen-verde-black.png\",\"width\":646,\"height\":392,\"caption\":\"Gen Verde\"},\"image\":{\"@id\":\"https:\/\/www.genverde.it\/pt\/#\/schema\/logo\/image\/\"}}]}<\/script>\n<!-- \/ Yoast SEO plugin. -->","yoast_head_json":{"title":"Giorno di concordia testo - Genverde","description":"Descobre a letra da can\u00e7\u00e3o Giorno di concordia do Gen Verde. Explore todos os \u00e1lbuns do grupo no site oficial.","robots":{"index":"index","follow":"follow","max-snippet":"max-snippet:-1","max-image-preview":"max-image-preview:large","max-video-preview":"max-video-preview:-1"},"canonical":"https:\/\/www.genverde.it\/pt\/wp-json\/wp\/v2\/track\/6096\/","og_locale":"pt_PT","og_type":"article","og_title":"Giorno di concordia testo - Genverde","og_description":"Descobre a letra da can\u00e7\u00e3o Giorno di concordia do Gen Verde. Explore todos os \u00e1lbuns do grupo no site oficial.","og_url":"https:\/\/www.genverde.it\/pt\/track\/giorno-di-concordia\/","og_site_name":"Gen Verde","article_modified_time":"2026-03-13T10:38:13+00:00","og_image":[{"width":344,"height":332,"url":"https:\/\/www.genverde.it\/wp-content\/uploads\/2021\/05\/2006_33-Messa-della-concordia.jpg","type":"image\/jpeg"}],"twitter_card":"summary_large_image","twitter_misc":{"Est. reading time":"2 minutes"},"schema":{"@context":"https:\/\/schema.org","@graph":[{"@type":"WebPage","@id":"https:\/\/www.genverde.it\/pt\/track\/giorno-di-concordia\/","url":"https:\/\/www.genverde.it\/pt\/track\/giorno-di-concordia\/","name":"Giorno di concordia testo - Genverde","isPartOf":{"@id":"https:\/\/www.genverde.it\/pt\/#website"},"datePublished":"2006-05-31T10:55:05+00:00","dateModified":"2026-03-13T10:38:13+00:00","description":"Descobre a letra da can\u00e7\u00e3o Giorno di concordia do Gen Verde. Explore todos os \u00e1lbuns do grupo no site oficial.","breadcrumb":{"@id":"https:\/\/www.genverde.it\/pt\/track\/giorno-di-concordia\/#breadcrumb"},"inLanguage":"pt","potentialAction":[{"@type":"ReadAction","target":["https:\/\/www.genverde.it\/pt\/track\/giorno-di-concordia\/"]}]},{"@type":"BreadcrumbList","@id":"https:\/\/www.genverde.it\/pt\/track\/giorno-di-concordia\/#breadcrumb","itemListElement":[{"@type":"ListItem","position":1,"name":"Home","item":"https:\/\/www.genverde.it\/pt\/"},{"@type":"ListItem","position":2,"name":"Giorno di concordia"}]},{"@type":"WebSite","@id":"https:\/\/www.genverde.it\/pt\/#website","url":"https:\/\/www.genverde.it\/pt\/","name":"Gen Verde","description":"","publisher":{"@id":"https:\/\/www.genverde.it\/pt\/#organization"},"potentialAction":[{"@type":"SearchAction","target":{"@type":"EntryPoint","urlTemplate":"https:\/\/www.genverde.it\/pt\/?s={search_term_string}"},"query-input":"required name=search_term_string"}],"inLanguage":"pt"},{"@type":"Organization","@id":"https:\/\/www.genverde.it\/pt\/#organization","name":"Gen Verde","url":"https:\/\/www.genverde.it\/pt\/","logo":{"@type":"ImageObject","inLanguage":"pt","@id":"https:\/\/www.genverde.it\/pt\/#\/schema\/logo\/image\/","url":"https:\/\/www.genverde.it\/wp-content\/uploads\/2021\/05\/logo-gen-verde-black.png","contentUrl":"https:\/\/www.genverde.it\/wp-content\/uploads\/2021\/05\/logo-gen-verde-black.png","width":646,"height":392,"caption":"Gen Verde"},"image":{"@id":"https:\/\/www.genverde.it\/pt\/#\/schema\/logo\/image\/"}}]}},"_links":{"self":[{"href":"https:\/\/www.genverde.it\/pt\/wp-json\/wp\/v2\/track\/6096"}],"collection":[{"href":"https:\/\/www.genverde.it\/pt\/wp-json\/wp\/v2\/track"}],"about":[{"href":"https:\/\/www.genverde.it\/pt\/wp-json\/wp\/v2\/types\/track"}],"wp:featuredmedia":[{"embeddable":true,"href":"https:\/\/www.genverde.it\/pt\/wp-json\/wp\/v2\/media\/5901"}],"wp:attachment":[{"href":"https:\/\/www.genverde.it\/pt\/wp-json\/wp\/v2\/media?parent=6096"}],"wp:term":[{"taxonomy":"category_tracks","embeddable":true,"href":"https:\/\/www.genverde.it\/pt\/wp-json\/wp\/v2\/category_tracks?post=6096"}],"curies":[{"name":"wp","href":"https:\/\/api.w.org\/{rel}","templated":true}]}}